{"id":4141,"date":"2025-04-10T15:44:36","date_gmt":"2025-04-10T13:44:36","guid":{"rendered":"https:\/\/pastoralrmi.com\/?page_id=4141"},"modified":"2026-04-21T15:33:21","modified_gmt":"2026-04-21T13:33:21","slug":"menu-acti-verano","status":"publish","type":"page","link":"https:\/\/pastoralrmi.com\/pt\/menu-acti-verano\/","title":{"rendered":"MEN\u00da ACTIVIDADES DE VERANO"},"content":{"rendered":"\n<div class=\"wp-block-group is-layout-flow wp-block-group-is-layout-flow\">\n<div class=\"wp-block-columns is-layout-flex wp-container-core-columns-is-layout-794e3cfa wp-block-columns-is-layout-flex\">\n<div class=\"wp-block-column is-layout-flow wp-block-column-is-layout-flow\"><\/div>\n\n\n\n<div class=\"wp-block-column is-layout-flow wp-block-column-is-layout-flow\"><\/div>\n\n\n\n<div class=\"wp-block-column is-layout-flow wp-block-column-is-layout-flow\"><\/div>\n\n\n\n<div class=\"wp-block-column is-layout-flow wp-block-column-is-layout-flow\"><\/div>\n\n\n\n<div class=\"wp-block-column is-vertically-aligned-center is-layout-flow wp-block-column-is-layout-flow\"><div class=\"trp-block-container\"><div class=\"trp_language_switcher_shortcode\">\n<div class=\"trp-language-switcher trp-language-switcher-container\" data-no-translation >\n    <div class=\"trp-ls-shortcode-current-language\">\n        <a href=\"#\" class=\"trp-ls-shortcode-disabled-language trp-ls-disabled-language\" title=\"Portugu\u00eas\" onclick=\"event.preventDefault()\">\n\t\t\t PT\t\t<\/a>\n    <\/div>\n    <div class=\"trp-ls-shortcode-language\">\n                <a href=\"#\" class=\"trp-ls-shortcode-disabled-language trp-ls-disabled-language\"  title=\"Portugu\u00eas\" onclick=\"event.preventDefault()\">\n\t\t\t PT\t\t<\/a>\n                    <a href=\"https:\/\/pastoralrmi.com\/pt\/wp-json\/wp\/v2\/pages\/4141#TRPLINKPROCESSED\" title=\"Espa\u00f1ol\">\n             ES        <\/a>\n\n        <\/div>\n    <script data-jetpack-boost=\"ignore\" type=\"application\/javascript\">\n        \/\/ need to have the same with set from JS on both divs. Otherwise it can push stuff around in HTML\n        var trp_ls_shortcodes = document.querySelectorAll('.trp_language_switcher_shortcode .trp-language-switcher');\n        if ( trp_ls_shortcodes.length > 0) {\n            \/\/ get the last language switcher added\n            var trp_el = trp_ls_shortcodes[trp_ls_shortcodes.length - 1];\n\n            var trp_shortcode_language_item = trp_el.querySelector( '.trp-ls-shortcode-language' )\n            \/\/ set width\n            var trp_ls_shortcode_width                                               = trp_shortcode_language_item.offsetWidth + 16;\n            trp_shortcode_language_item.style.width                                  = trp_ls_shortcode_width + 'px';\n            trp_el.querySelector( '.trp-ls-shortcode-current-language' ).style.width = trp_ls_shortcode_width + 'px';\n\n            \/\/ We're putting this on display: none after we have its width.\n            trp_shortcode_language_item.style.display = 'none';\n        }\n    <\/script>\n<\/div>\n<\/div><\/div><\/div>\n\n\n\n<div class=\"wp-block-column is-vertically-aligned-center is-layout-flow wp-block-column-is-layout-flow\">\n<p class=\"has-text-align-center has-border-color has-primary-color has-text-color has-link-color wp-elements-d236f6e600ba87704e6b2c7e086bbbec wp-block-paragraph\" style=\"border-color:#ffffff00;border-width:25px\"><a href=\"https:\/\/pastoralrmi.com\/actividades-de-verano\/\" data-type=\"page\" data-id=\"4096\">SALIR<\/a><\/p>\n<\/div>\n<\/div>\n<\/div>\n\n\n\n<div class=\"wp-block-group has-global-padding is-layout-constrained wp-container-core-group-is-layout-4bb0e34c wp-block-group-is-layout-constrained\">\n<div style=\"height:20px\" aria-hidden=\"true\" class=\"wp-block-spacer\"><\/div>\n\n\n\n<div class=\"wp-block-group has-global-padding is-layout-constrained wp-container-core-group-is-layout-4bb0e34c wp-block-group-is-layout-constrained\">\n<div style=\"height:36px\" aria-hidden=\"true\" class=\"wp-block-spacer\"><\/div>\n\n\n\n<p class=\"has-text-align-center has-text-color has-link-color has-large-font-size wp-elements-e271e9d3ed2900c8642c377b5509619b wp-block-paragraph\" style=\"color:#004d03\"><strong><a href=\"https:\/\/pastoralrmi.com\/es\/campamento-prejuveniles\/\">VICU\u00d1A PREJUVENILES | AR\u00c9VALO<\/a><\/strong><\/p>\n<\/div>\n\n\n\n<div style=\"height:36px\" aria-hidden=\"true\" class=\"wp-block-spacer\"><\/div>\n\n\n\n<p class=\"has-text-align-center has-text-color has-link-color has-large-font-size wp-elements-bf451b31b3aefcc14bd7ae923a40c8d8 wp-block-paragraph\" style=\"color:#004d03\">PASCUA JUVENIL | BRAGA<\/p>\n\n\n\n<div style=\"height:36px\" aria-hidden=\"true\" class=\"wp-block-spacer\"><\/div>\n\n\n\n<p class=\"has-text-align-center has-text-color has-link-color has-large-font-size wp-elements-7bea0527a2951231b5250be017a3bb89 wp-block-paragraph\" style=\"color:#004d03\">ENCUENTRO DE FAMILIA | CASCANTE<\/p>\n\n\n\n<div style=\"height:36px\" aria-hidden=\"true\" class=\"wp-block-spacer\"><\/div>\n\n\n\n<p class=\"has-text-align-center has-text-color has-link-color has-large-font-size wp-elements-b20ab2f68f73f3e6cf0b128b7988f804 wp-block-paragraph\" style=\"color:#004d03\"><a href=\"https:\/\/pastoralrmi.com\/es\/quinta-asuncion\/\">CAMPAMENTO QUINTA ASUNCI\u00d3N<\/a><\/p>\n\n\n\n<div style=\"height:36px\" aria-hidden=\"true\" class=\"wp-block-spacer\"><\/div>\n\n\n\n<p class=\"has-text-align-center has-text-color has-link-color has-large-font-size wp-elements-f52f9b41d048f5f0647f0237c0889904 wp-block-paragraph\" style=\"color:#004d03\"><a href=\"https:\/\/pastoralrmi.com\/melilla\/\" data-type=\"page\" data-id=\"4180\">CAMPO DE TRABAJO MELILLA<\/a><\/p>\n\n\n\n<div style=\"height:51px\" aria-hidden=\"true\" class=\"wp-block-spacer\"><\/div>\n<\/div>\n\n\n\n<div class=\"wp-block-columns is-layout-flex wp-container-core-columns-is-layout-794e3cfa wp-block-columns-is-layout-flex\">\n<div class=\"wp-block-column is-layout-flow wp-block-column-is-layout-flow\">\n<figure class=\"wp-block-image aligncenter size-full is-resized\"><a href=\"https:\/\/pastoralrmi.com\/es\/\"><img data-recalc-dims=\"1\" loading=\"lazy\" decoding=\"async\" width=\"2240\" height=\"1260\" data-attachment-id=\"40\" data-permalink=\"https:\/\/pastoralrmi.com\/pt\/banner\/\" data-orig-file=\"https:\/\/i0.wp.com\/pastoralrmi.com\/wp-content\/uploads\/2024\/02\/banner-.png?fit=2240%2C1260&amp;ssl=1\" data-orig-size=\"2240,1260\" data-comments-opened=\"1\" data-image-meta=\"{&quot;aperture&quot;:&quot;0&quot;,&quot;credit&quot;:&quot;&quot;,&quot;camera&quot;:&quot;&quot;,&quot;caption&quot;:&quot;&quot;,&quot;created_timestamp&quot;:&quot;0&quot;,&quot;copyright&quot;:&quot;&quot;,&quot;focal_length&quot;:&quot;0&quot;,&quot;iso&quot;:&quot;0&quot;,&quot;shutter_speed&quot;:&quot;0&quot;,&quot;title&quot;:&quot;&quot;,&quot;orientation&quot;:&quot;0&quot;}\" data-image-title=\"banner-\" data-image-description=\"\" data-image-caption=\"\" data-large-file=\"https:\/\/i0.wp.com\/pastoralrmi.com\/wp-content\/uploads\/2024\/02\/banner-.png?fit=1024%2C576&amp;ssl=1\" src=\"https:\/\/i0.wp.com\/pastoralrmi.com\/wp-content\/uploads\/2024\/02\/banner-.png?resize=2240%2C1260&#038;ssl=1\" alt=\"\" class=\"wp-image-40\" style=\"width:137px;height:auto\"\/><\/a><\/figure>\n<\/div>\n<\/div>\n","protected":false},"excerpt":{"rendered":"<p>SALIR VICU\u00d1A PREJUVENILES | AR\u00c9VALO PASCUA JUVENIL | BRAGA ENCUENTRO DE FAMILIA | CASCANTE CAMPAMENTO QUINTA ASUNCI\u00d3N CAMPO DE TRABAJO MELILLA<\/p>","protected":false},"author":246329482,"featured_media":0,"parent":0,"menu_order":0,"comment_status":"closed","ping_status":"closed","template":"melilla","meta":{"_eb_attr":"","_crdt_document":"","advanced_seo_description":"","jetpack_seo_html_title":"","jetpack_seo_noindex":false,"footnotes":""},"class_list":["post-4141","page","type-page","status-publish","hentry"],"jetpack_likes_enabled":true,"jetpack_sharing_enabled":true,"jetpack_shortlink":"https:\/\/wp.me\/Pfvk8v-14N","jetpack-related-posts":[{"id":4096,"url":"https:\/\/pastoralrmi.com\/pt\/actividades-provinciales\/","url_meta":{"origin":4141,"position":0},"title":"Actividades provinciales","author":"Blog de pastoral Provincia Iberica","date":"10 de Abril de 2025","format":false,"excerpt":"Wake up! Actividades de Verano | Edici\u00f3n 2025","rel":"","context":"Similar post","block_context":{"text":"Similar post","link":""},"img":{"alt_text":"people having a match","src":"https:\/\/i0.wp.com\/pastoralrmi.com\/wp-content\/uploads\/2025\/04\/pexels-photo-8662543.jpeg?fit=800%2C1200&ssl=1&resize=350%2C200","width":350,"height":200,"srcset":"https:\/\/i0.wp.com\/pastoralrmi.com\/wp-content\/uploads\/2025\/04\/pexels-photo-8662543.jpeg?fit=800%2C1200&ssl=1&resize=350%2C200 1x, https:\/\/i0.wp.com\/pastoralrmi.com\/wp-content\/uploads\/2025\/04\/pexels-photo-8662543.jpeg?fit=800%2C1200&ssl=1&resize=525%2C300 1.5x, https:\/\/i0.wp.com\/pastoralrmi.com\/wp-content\/uploads\/2025\/04\/pexels-photo-8662543.jpeg?fit=800%2C1200&ssl=1&resize=700%2C400 2x"},"classes":[]},{"id":6850,"url":"https:\/\/pastoralrmi.com\/pt\/quinta-asuncion\/","url_meta":{"origin":4141,"position":1},"title":"Campamento Quinta Asunci\u00f3n","author":"Blog de pastoral Provincia Iberica","date":"21 de Abril de 2026","format":false,"excerpt":"SALIR men\u00fa Inscripciones monitor acampado","rel":"","context":"Similar post","block_context":{"text":"Similar post","link":""},"img":{"alt_text":"","src":"https:\/\/i0.wp.com\/pastoralrmi.com\/wp-content\/uploads\/2026\/04\/WhatsApp-Image-2026-04-21-at-12.23.15.jpeg?fit=800%2C1200&ssl=1&resize=350%2C200","width":350,"height":200,"srcset":"https:\/\/i0.wp.com\/pastoralrmi.com\/wp-content\/uploads\/2026\/04\/WhatsApp-Image-2026-04-21-at-12.23.15.jpeg?fit=800%2C1200&ssl=1&resize=350%2C200 1x, https:\/\/i0.wp.com\/pastoralrmi.com\/wp-content\/uploads\/2026\/04\/WhatsApp-Image-2026-04-21-at-12.23.15.jpeg?fit=800%2C1200&ssl=1&resize=525%2C300 1.5x, https:\/\/i0.wp.com\/pastoralrmi.com\/wp-content\/uploads\/2026\/04\/WhatsApp-Image-2026-04-21-at-12.23.15.jpeg?fit=800%2C1200&ssl=1&resize=700%2C400 2x"},"classes":[]},{"id":6812,"url":"https:\/\/pastoralrmi.com\/pt\/con-el-papa\/","url_meta":{"origin":4141,"position":2},"title":"Con el Papa","author":"Blog de pastoral Provincia Iberica","date":"17 de Abril de 2026","format":false,"excerpt":"SALIR men\u00fa Alzad la mirada 5 al 7 de junio de 2026 Alojamiento: Rios Rosas - Madrid Coste: 25 \u20ac + viaje Edad: 18 a\u00f1os en adelante Fecha tope de inscripci\u00f3n: 30 de abril Formularios de inscripci\u00f3n JOVEN","rel":"","context":"Similar post","block_context":{"text":"Similar post","link":""},"img":{"alt_text":"","src":"https:\/\/i0.wp.com\/pastoralrmi.com\/wp-content\/uploads\/2026\/04\/WhatsApp-Image-2026-04-07-at-12.46.11.webp?fit=920%2C526&ssl=1&resize=350%2C200","width":350,"height":200,"srcset":"https:\/\/i0.wp.com\/pastoralrmi.com\/wp-content\/uploads\/2026\/04\/WhatsApp-Image-2026-04-07-at-12.46.11.webp?fit=920%2C526&ssl=1&resize=350%2C200 1x, https:\/\/i0.wp.com\/pastoralrmi.com\/wp-content\/uploads\/2026\/04\/WhatsApp-Image-2026-04-07-at-12.46.11.webp?fit=920%2C526&ssl=1&resize=525%2C300 1.5x, https:\/\/i0.wp.com\/pastoralrmi.com\/wp-content\/uploads\/2026\/04\/WhatsApp-Image-2026-04-07-at-12.46.11.webp?fit=920%2C526&ssl=1&resize=700%2C400 2x"},"classes":[]},{"id":4420,"url":"https:\/\/pastoralrmi.com\/pt\/jubileo-roma\/","url_meta":{"origin":4141,"position":3},"title":"JUBILEO ROMA","author":"Blog de pastoral Provincia Iberica","date":"23 de Abril de 2025","format":false,"excerpt":"SALIR men\u00fa Jubileo de los j\u00f3venes 25 de julio al 05 de agosto Jubileo de los j\u00f3venes: 28 de julio al 03 de agosto de 2025 \ud83d\udce2\ud83d\udce2\ud83d\udce2CERRADA LA INSCRIPCI\u00d3N Coste: 325 \u20ac \u00c1rea reservada Responsables de pastoral entrar","rel":"","context":"Similar post","block_context":{"text":"Similar post","link":""},"img":{"alt_text":"","src":"https:\/\/i0.wp.com\/pastoralrmi.com\/wp-content\/uploads\/2024\/03\/imagem-whatsapp-2024-02-21-as-18.26.06_4a43d996-2.jpg?fit=1200%2C900&ssl=1&resize=350%2C200","width":350,"height":200,"srcset":"https:\/\/i0.wp.com\/pastoralrmi.com\/wp-content\/uploads\/2024\/03\/imagem-whatsapp-2024-02-21-as-18.26.06_4a43d996-2.jpg?fit=1200%2C900&ssl=1&resize=350%2C200 1x, https:\/\/i0.wp.com\/pastoralrmi.com\/wp-content\/uploads\/2024\/03\/imagem-whatsapp-2024-02-21-as-18.26.06_4a43d996-2.jpg?fit=1200%2C900&ssl=1&resize=525%2C300 1.5x, https:\/\/i0.wp.com\/pastoralrmi.com\/wp-content\/uploads\/2024\/03\/imagem-whatsapp-2024-02-21-as-18.26.06_4a43d996-2.jpg?fit=1200%2C900&ssl=1&resize=700%2C400 2x, https:\/\/i0.wp.com\/pastoralrmi.com\/wp-content\/uploads\/2024\/03\/imagem-whatsapp-2024-02-21-as-18.26.06_4a43d996-2.jpg?fit=1200%2C900&ssl=1&resize=1050%2C600 3x"},"classes":[]},{"id":4180,"url":"https:\/\/pastoralrmi.com\/pt\/melilla\/","url_meta":{"origin":4141,"position":4},"title":"MELILLA","author":"Blog de pastoral Provincia Iberica","date":"10 de Abril de 2025","format":false,"excerpt":"SALIR men\u00fa Melilla Edici\u00f3n 2026 16 al 31 de julio de 2026 Alojamiento: RMI Melilla, Monte Mar\u00eda Cristina | Espa\u00f1a Coste: 295 \u20ac (incluye viaje en barco M\u00e1laga - Melilla, alojamiento, manutenci\u00f3n y seguro) \u00c1rea reservada Responsables de pastoral entrar","rel":"","context":"Similar post","block_context":{"text":"Similar post","link":""},"img":{"alt_text":"","src":"https:\/\/i0.wp.com\/pastoralrmi.com\/wp-content\/uploads\/2025\/04\/IMG_20240703_162100.jpg?fit=900%2C1200&ssl=1&resize=350%2C200","width":350,"height":200,"srcset":"https:\/\/i0.wp.com\/pastoralrmi.com\/wp-content\/uploads\/2025\/04\/IMG_20240703_162100.jpg?fit=900%2C1200&ssl=1&resize=350%2C200 1x, https:\/\/i0.wp.com\/pastoralrmi.com\/wp-content\/uploads\/2025\/04\/IMG_20240703_162100.jpg?fit=900%2C1200&ssl=1&resize=525%2C300 1.5x, https:\/\/i0.wp.com\/pastoralrmi.com\/wp-content\/uploads\/2025\/04\/IMG_20240703_162100.jpg?fit=900%2C1200&ssl=1&resize=700%2C400 2x"},"classes":[]},{"id":4224,"url":"https:\/\/pastoralrmi.com\/pt\/campamento-prejuveniles\/","url_meta":{"origin":4141,"position":5},"title":"VICU\u00d1A PREJUVENILES","author":"Blog de pastoral Provincia Iberica","date":"11 de Abril de 2025","format":false,"excerpt":"SALIR men\u00fa Vicu\u00f1a Prejuveniles 20 al 22 de marzo de 2026 Alojamiento: Salesianos de Ar\u00e9valo Coste: 70 \u20ac + viaje Edad: 12 a 16 a\u00f1os Fecha tope de inscripci\u00f3n: 6 de marzo Formularios de inscripci\u00f3n monitores participantes","rel":"","context":"Similar post","block_context":{"text":"Similar post","link":""},"img":{"alt_text":"","src":"https:\/\/i0.wp.com\/pastoralrmi.com\/wp-content\/uploads\/2025\/04\/Imagen-de-WhatsApp-2025-04-11-a-las-23.41.32_de1e5512.jpg?fit=1200%2C800&ssl=1&resize=350%2C200","width":350,"height":200,"srcset":"https:\/\/i0.wp.com\/pastoralrmi.com\/wp-content\/uploads\/2025\/04\/Imagen-de-WhatsApp-2025-04-11-a-las-23.41.32_de1e5512.jpg?fit=1200%2C800&ssl=1&resize=350%2C200 1x, https:\/\/i0.wp.com\/pastoralrmi.com\/wp-content\/uploads\/2025\/04\/Imagen-de-WhatsApp-2025-04-11-a-las-23.41.32_de1e5512.jpg?fit=1200%2C800&ssl=1&resize=525%2C300 1.5x, https:\/\/i0.wp.com\/pastoralrmi.com\/wp-content\/uploads\/2025\/04\/Imagen-de-WhatsApp-2025-04-11-a-las-23.41.32_de1e5512.jpg?fit=1200%2C800&ssl=1&resize=700%2C400 2x, https:\/\/i0.wp.com\/pastoralrmi.com\/wp-content\/uploads\/2025\/04\/Imagen-de-WhatsApp-2025-04-11-a-las-23.41.32_de1e5512.jpg?fit=1200%2C800&ssl=1&resize=1050%2C600 3x"},"classes":[]}],"_links":{"self":[{"href":"https:\/\/pastoralrmi.com\/pt\/wp-json\/wp\/v2\/pages\/4141","targetHints":{"allow":["GET"]}}],"collection":[{"href":"https:\/\/pastoralrmi.com\/pt\/wp-json\/wp\/v2\/pages"}],"about":[{"href":"https:\/\/pastoralrmi.com\/pt\/wp-json\/wp\/v2\/types\/page"}],"author":[{"embeddable":true,"href":"https:\/\/pastoralrmi.com\/pt\/wp-json\/wp\/v2\/users\/246329482"}],"replies":[{"embeddable":true,"href":"https:\/\/pastoralrmi.com\/pt\/wp-json\/wp\/v2\/comments?post=4141"}],"version-history":[{"count":38,"href":"https:\/\/pastoralrmi.com\/pt\/wp-json\/wp\/v2\/pages\/4141\/revisions"}],"predecessor-version":[{"id":6861,"href":"https:\/\/pastoralrmi.com\/pt\/wp-json\/wp\/v2\/pages\/4141\/revisions\/6861"}],"wp:attachment":[{"href":"https:\/\/pastoralrmi.com\/pt\/wp-json\/wp\/v2\/media?parent=4141"}],"curies":[{"name":"wp","href":"https:\/\/api.w.org\/{rel}","templated":true}]}}