{"id":520,"date":"2024-04-16T16:38:29","date_gmt":"2024-04-16T14:38:29","guid":{"rendered":"https:\/\/pastoralrmi.com\/?page_id=520"},"modified":"2026-04-17T17:27:06","modified_gmt":"2026-04-17T15:27:06","slug":"fluir","status":"publish","type":"page","link":"https:\/\/pastoralrmi.com\/pt\/fluir\/","title":{"rendered":"Fluir"},"content":{"rendered":"<div class=\"wp-block-group alignfull is-layout-flow wp-block-group-is-layout-flow\" style=\"margin-top:0;margin-bottom:0;padding-top:var(--wp--preset--spacing--40);padding-right:var(--wp--preset--spacing--40)\">\n<div class=\"wp-block-columns is-layout-flex wp-container-core-columns-is-layout-794e3cfa wp-block-columns-is-layout-flex\">\n<div class=\"wp-block-column is-layout-flow wp-block-column-is-layout-flow\" style=\"flex-basis:100%\">\n<div style=\"height:100px\" aria-hidden=\"true\" class=\"wp-block-spacer\"><\/div>\n\n\n\n<div class=\"wp-block-columns is-layout-flex wp-container-core-columns-is-layout-794e3cfa wp-block-columns-is-layout-flex\">\n<div class=\"wp-block-column is-layout-flow wp-block-column-is-layout-flow\" style=\"padding-right:var(--wp--preset--spacing--50);padding-left:var(--wp--preset--spacing--50)\">\n<h2 class=\"wp-block-heading\">Partindo do carisma<\/h2>\n\n\n\n<p class=\"wp-block-paragraph\"><strong>Esta secci\u00f3n<\/strong> es un aporte para que la tensi\u00f3n de nuestro hilo conduzca a un modo de vivir cada vez m\u00e1s en sinton\u00eda con la bondad de lo que ocurre. Encontrar\u00e1s <strong>comentarios, reflexiones, palabras sueltas<\/strong> de mujeres y hombres comprometidos con el tejido del Mundo, de la mano de las intuiciones de Vicenta Mar\u00eda y del desarrollo posterior de su obra, en los giros de la vida cotidiana. <a href=\"#entradas\">Leer \u00faltimas entradas<\/a>.<\/p>\n<\/div>\n\n\n\n<div class=\"wp-block-column is-vertically-aligned-center is-layout-flow wp-block-column-is-layout-flow\">\n<div class=\"wp-block-buttons is-content-justification-center is-layout-flex wp-container-core-buttons-is-layout-413d9f08 wp-block-buttons-is-layout-flex\">\n<div class=\"wp-block-button has-custom-width wp-block-button__width-75\"><a class=\"wp-block-button__link wp-element-button\" href=\"https:\/\/pastoralrmi.com\/pt\/fluir\/una-teologia-para-empezar\/\" style=\"border-radius:100px\">uNA TEOLOG\u00cdA PARA EMPEZAR<\/a><\/div>\n\n\n\n<div class=\"wp-block-button has-custom-width wp-block-button__width-75\"><a class=\"wp-block-button__link wp-element-button\" href=\"https:\/\/pastoralrmi.com\/pt\/fluir\/desarrollo-integral\/\" style=\"border-radius:100px\">DESARROLLO INTEGRAL<\/a><\/div>\n\n\n\n<div class=\"wp-block-button has-custom-width wp-block-button__width-75\"><a class=\"wp-block-button__link has-text-align-center wp-element-button\" href=\"https:\/\/pastoralrmi.com\/pt\/fluir\/destellos-de-vida-cotidiana\/\" style=\"border-radius:100px\">DESTELLOS DE VIDA COTIDIANA<\/a><\/div>\n<\/div>\n<\/div>\n<\/div>\n\n\n\n<div style=\"height:100px\" aria-hidden=\"true\" class=\"wp-block-spacer\"><\/div>\n<\/div>\n<\/div>\n\n\n\n<div class=\"wp-block-columns alignwide is-layout-flex wp-container-core-columns-is-layout-2d1730f3 wp-block-columns-is-layout-flex\">\n<div class=\"wp-block-column has-global-padding is-content-justification-left is-layout-constrained wp-container-core-column-is-layout-c77bcf76 wp-block-column-is-layout-constrained\">\n<div class=\"wp-block-group is-layout-flow wp-block-group-is-layout-flow wp-container-2 is-position-sticky\" style=\"padding-top:var(--wp--preset--spacing--30);padding-bottom:var(--wp--preset--spacing--60)\">\n<blockquote class=\"wp-block-quote is-style-plain is-layout-flow wp-block-quote-is-layout-flow is-style-plain--1\">\n<div style=\"height:60px\" aria-hidden=\"true\" id=\"entradas\" class=\"wp-block-spacer\"><\/div>\n\n\n\n<blockquote class=\"wp-block-quote is-layout-flow wp-block-quote-is-layout-flow\">\n<p class=\"wp-block-paragraph\"><em>N\u00e3o h\u00e1 nada extraordinario na historia do nosso instituto<\/em><\/p>\n<\/blockquote>\n<\/blockquote>\n\n\n\n<p class=\"wp-block-paragraph\">escribi\u00f3 Vicenta Mar\u00eda. Quisi\u00e9ramos retomarlo: el que no estamos enfrentados con los acontecimientos sino que colaboramos con ellos.<\/p>\n<\/div>\n<\/div>\n\n\n\n<div class=\"wp-block-column is-layout-flow wp-block-column-is-layout-flow\" style=\"flex-basis:66%\">\n<div data-wp-context=\"{}\" data-wp-interactive=\"core\/query\" data-wp-key=\"9\" data-wp-router-region=\"query-9\" class=\"wp-block-query alignwide is-layout-flow wp-block-query-is-layout-flow\"><ul class=\"wp-block-post-template is-layout-grid wp-container-core-post-template-is-layout-809033fe wp-block-post-template-is-layout-grid\"><li data-wp-key=\"post-template-item-6743\" class=\"wp-block-post post-6743 post type-post status-publish format-standard has-post-thumbnail hentry category-centros-educativos category-centros-sociales category-cuaresma category-destellos-de-vida-cotidiana category-entradas category-fluir category-obras-apostolicas category-residencias category-tiempos-liturgicos tag-amor tag-carisma tag-cuidado tag-desarrollo-integral tag-evangelio tag-fe tag-hijos tag-hogar tag-jesus tag-luz tag-matrimonio tag-pareja tag-sencillez tag-vida-cotidiana\">\n\n<div class=\"wp-block-group is-layout-flow wp-container-core-group-is-layout-5362cf03 wp-block-group-is-layout-flow\"><figure style=\"aspect-ratio:16\/9;\" class=\"wp-block-post-featured-image\"><a href=\"https:\/\/pastoralrmi.com\/pt\/anunciacion-rutinas-tenidas-de-amor\/\" target=\"_self\"  ><img data-recalc-dims=\"1\" loading=\"lazy\" decoding=\"async\" width=\"1880\" height=\"1253\" src=\"https:\/\/i0.wp.com\/pastoralrmi.com\/wp-content\/uploads\/2026\/03\/pexels-photo-32207995.jpeg?resize=1880%2C1253&#038;ssl=1\" class=\"attachment-post-thumbnail size-post-thumbnail wp-post-image\" alt=\"Anunciaci\u00f3n: rutinas te\u00f1idas de amor\" style=\"width:100%;height:100%;object-fit:cover;\" srcset=\"https:\/\/i0.wp.com\/pastoralrmi.com\/wp-content\/uploads\/2026\/03\/pexels-photo-32207995.jpeg?w=1880&amp;ssl=1 1880w, https:\/\/i0.wp.com\/pastoralrmi.com\/wp-content\/uploads\/2026\/03\/pexels-photo-32207995.jpeg?resize=300%2C200&amp;ssl=1 300w, https:\/\/i0.wp.com\/pastoralrmi.com\/wp-content\/uploads\/2026\/03\/pexels-photo-32207995.jpeg?resize=1024%2C682&amp;ssl=1 1024w, https:\/\/i0.wp.com\/pastoralrmi.com\/wp-content\/uploads\/2026\/03\/pexels-photo-32207995.jpeg?resize=150%2C100&amp;ssl=1 150w, https:\/\/i0.wp.com\/pastoralrmi.com\/wp-content\/uploads\/2026\/03\/pexels-photo-32207995.jpeg?resize=768%2C512&amp;ssl=1 768w, https:\/\/i0.wp.com\/pastoralrmi.com\/wp-content\/uploads\/2026\/03\/pexels-photo-32207995.jpeg?resize=1536%2C1024&amp;ssl=1 1536w, https:\/\/i0.wp.com\/pastoralrmi.com\/wp-content\/uploads\/2026\/03\/pexels-photo-32207995.jpeg?resize=18%2C12&amp;ssl=1 18w, https:\/\/i0.wp.com\/pastoralrmi.com\/wp-content\/uploads\/2026\/03\/pexels-photo-32207995.jpeg?resize=1200%2C800&amp;ssl=1 1200w\" sizes=\"auto, (max-width: 1000px) 100vw, 1000px\" data-attachment-id=\"6751\" data-permalink=\"https:\/\/pastoralrmi.com\/pt\/anunciacion-rutinas-tenidas-de-amor\/pexels-photo-32207995\/\" data-orig-file=\"https:\/\/i0.wp.com\/pastoralrmi.com\/wp-content\/uploads\/2026\/03\/pexels-photo-32207995.jpeg?fit=1880%2C1253&amp;ssl=1\" data-orig-size=\"1880,1253\" data-comments-opened=\"1\" data-image-meta=\"{&quot;aperture&quot;:&quot;0&quot;,&quot;credit&quot;:&quot;&quot;,&quot;camera&quot;:&quot;&quot;,&quot;caption&quot;:&quot;Photo by Jan van der Wolf on &lt;a href=\\&quot;https:\/\/www.pexels.com\/photo\/abstract-blue-archway-against-beige-background-32207995\/\\&quot; rel=\\&quot;nofollow\\&quot;&gt;Pexels.com&lt;\/a&gt;&quot;,&quot;created_timestamp&quot;:&quot;0&quot;,&quot;copyright&quot;:&quot;&quot;,&quot;focal_length&quot;:&quot;0&quot;,&quot;iso&quot;:&quot;0&quot;,&quot;shutter_speed&quot;:&quot;0&quot;,&quot;title&quot;:&quot;abstract blue archway against beige background&quot;,&quot;orientation&quot;:&quot;0&quot;}\" data-image-title=\"pexels-photo-32207995\" data-image-description=\"\" data-image-caption=\"&lt;p&gt;Photo by Jan van der Wolf on &lt;a href=&quot;https:\/\/www.pexels.com\/photo\/abstract-blue-archway-against-beige-background-32207995\/&quot; rel=&quot;nofollow&quot;&gt;Pexels.com&lt;\/a&gt;&lt;\/p&gt;\" data-large-file=\"https:\/\/i0.wp.com\/pastoralrmi.com\/wp-content\/uploads\/2026\/03\/pexels-photo-32207995.jpeg?fit=1024%2C682&amp;ssl=1\" \/><\/a><\/figure>\n\n\n<div class=\"wp-block-group is-vertical is-layout-flex wp-container-core-group-is-layout-fcb76b72 wp-block-group-is-layout-flex\"><h3 class=\"wp-block-post-title has-large-font-size\"><a href=\"https:\/\/pastoralrmi.com\/pt\/anunciacion-rutinas-tenidas-de-amor\/\" target=\"_self\" >Anunciaci\u00f3n: rutinas te\u00f1idas de amor<\/a><\/h3>\n\n<div class=\"wp-block-post-date\"><time datetime=\"2026-03-25T12:00:00+01:00\">25 de Mar\u00e7o de 2026<\/time><\/div><\/div>\n\n\n<div class=\"wp-block-post-excerpt\"><p class=\"wp-block-post-excerpt__excerpt\">Hablar de rutina hoy en d\u00eda parece algo aburrido. La vida parece que debe ser fren\u00e9tica, nos impulsa a \u201csentir algo\u201d en todo momento. Las redes sociales son una buena muestra de ello, cuando pasamos cada 30 segundos de v\u00eddeo en v\u00eddeo, buscando algo que nos haga re\u00edr, emocionarnos o incluso llorar. Hoy parece que&hellip;<\/p><p class=\"wp-block-post-excerpt__more-text\"><a class=\"wp-block-post-excerpt__more-link\" href=\"https:\/\/pastoralrmi.com\/pt\/anunciacion-rutinas-tenidas-de-amor\/\">Ler mais<\/a><\/p><\/div>\n\n\n<div style=\"height:var(--wp--preset--spacing--30)\" aria-hidden=\"true\" class=\"wp-block-spacer\"><\/div>\n<\/div>\n\n<\/li><li data-wp-key=\"post-template-item-6683\" class=\"wp-block-post post-6683 post type-post status-publish format-standard has-post-thumbnail hentry category-centros-educativos category-centros-sociales category-comprender category-cuaresma category-desarrollo-integral category-destellos-de-vida-cotidiana category-entradas category-fluir category-obras-apostolicas category-residencias category-tiempos-liturgicos tag-acogida tag-acompanamiento tag-carisma tag-consciencia tag-cuaresma tag-espacios-seguros tag-jesus tag-recursos tag-tutorias\">\n\n<div class=\"wp-block-group is-layout-flow wp-container-core-group-is-layout-5362cf03 wp-block-group-is-layout-flow\"><figure style=\"aspect-ratio:16\/9;\" class=\"wp-block-post-featured-image\"><a href=\"https:\/\/pastoralrmi.com\/pt\/tips-para-el-acompanamiento-en-esta-cuaresma\/\" target=\"_self\"  ><img data-recalc-dims=\"1\" loading=\"lazy\" decoding=\"async\" width=\"1880\" height=\"1261\" src=\"https:\/\/i0.wp.com\/pastoralrmi.com\/wp-content\/uploads\/2026\/02\/pexels-photo-2305076.jpeg?resize=1880%2C1261&#038;ssl=1\" class=\"attachment-post-thumbnail size-post-thumbnail wp-post-image\" alt=\"Tips para el acompa\u00f1amiento en esta Cuaresma\" style=\"width:100%;height:100%;object-fit:cover;\" srcset=\"https:\/\/i0.wp.com\/pastoralrmi.com\/wp-content\/uploads\/2026\/02\/pexels-photo-2305076.jpeg?w=1880&amp;ssl=1 1880w, https:\/\/i0.wp.com\/pastoralrmi.com\/wp-content\/uploads\/2026\/02\/pexels-photo-2305076.jpeg?resize=300%2C201&amp;ssl=1 300w, https:\/\/i0.wp.com\/pastoralrmi.com\/wp-content\/uploads\/2026\/02\/pexels-photo-2305076.jpeg?resize=1024%2C687&amp;ssl=1 1024w, https:\/\/i0.wp.com\/pastoralrmi.com\/wp-content\/uploads\/2026\/02\/pexels-photo-2305076.jpeg?resize=150%2C101&amp;ssl=1 150w, https:\/\/i0.wp.com\/pastoralrmi.com\/wp-content\/uploads\/2026\/02\/pexels-photo-2305076.jpeg?resize=768%2C515&amp;ssl=1 768w, https:\/\/i0.wp.com\/pastoralrmi.com\/wp-content\/uploads\/2026\/02\/pexels-photo-2305076.jpeg?resize=1536%2C1030&amp;ssl=1 1536w, https:\/\/i0.wp.com\/pastoralrmi.com\/wp-content\/uploads\/2026\/02\/pexels-photo-2305076.jpeg?resize=18%2C12&amp;ssl=1 18w, https:\/\/i0.wp.com\/pastoralrmi.com\/wp-content\/uploads\/2026\/02\/pexels-photo-2305076.jpeg?resize=1200%2C805&amp;ssl=1 1200w\" sizes=\"auto, (max-width: 1000px) 100vw, 1000px\" data-attachment-id=\"6689\" data-permalink=\"https:\/\/pastoralrmi.com\/pt\/tips-para-el-acompanamiento-en-esta-cuaresma\/pexels-photo-2305076\/\" data-orig-file=\"https:\/\/i0.wp.com\/pastoralrmi.com\/wp-content\/uploads\/2026\/02\/pexels-photo-2305076.jpeg?fit=1880%2C1261&amp;ssl=1\" data-orig-size=\"1880,1261\" data-comments-opened=\"1\" data-image-meta=\"{&quot;aperture&quot;:&quot;0&quot;,&quot;credit&quot;:&quot;&quot;,&quot;camera&quot;:&quot;&quot;,&quot;caption&quot;:&quot;Photo by Isaac Taylor on &lt;a href=\\&quot;https:\/\/www.pexels.com\/photo\/two-women-walking-near-house-2305076\/\\&quot; rel=\\&quot;nofollow\\&quot;&gt;Pexels.com&lt;\/a&gt;&quot;,&quot;created_timestamp&quot;:&quot;0&quot;,&quot;copyright&quot;:&quot;&quot;,&quot;focal_length&quot;:&quot;0&quot;,&quot;iso&quot;:&quot;0&quot;,&quot;shutter_speed&quot;:&quot;0&quot;,&quot;title&quot;:&quot;two women walking near house&quot;,&quot;orientation&quot;:&quot;0&quot;}\" data-image-title=\"pexels-photo-2305076\" data-image-description=\"\" data-image-caption=\"&lt;p&gt;Photo by Isaac Taylor on &lt;a href=&quot;https:\/\/www.pexels.com\/photo\/two-women-walking-near-house-2305076\/&quot; rel=&quot;nofollow&quot;&gt;Pexels.com&lt;\/a&gt;&lt;\/p&gt;\" data-large-file=\"https:\/\/i0.wp.com\/pastoralrmi.com\/wp-content\/uploads\/2026\/02\/pexels-photo-2305076.jpeg?fit=1024%2C687&amp;ssl=1\" \/><\/a><\/figure>\n\n\n<div class=\"wp-block-group is-vertical is-layout-flex wp-container-core-group-is-layout-fcb76b72 wp-block-group-is-layout-flex\"><h3 class=\"wp-block-post-title has-large-font-size\"><a href=\"https:\/\/pastoralrmi.com\/pt\/tips-para-el-acompanamiento-en-esta-cuaresma\/\" target=\"_self\" >Tips para el acompa\u00f1amiento en esta Cuaresma<\/a><\/h3>\n\n<div class=\"wp-block-post-date\"><time datetime=\"2026-02-25T12:00:00+01:00\">25 de Fevereiro de 2026<\/time><\/div><\/div>\n\n\n<div class=\"wp-block-post-excerpt\"><p class=\"wp-block-post-excerpt__excerpt\">En un mundo que exige rendimiento constante y perfecci\u00f3n inmediata, nuestra propuesta puede ser profundamente contracultural: detenerse, mirar y abrazar la propia verdad. Acompa\u00f1ar sin prisa, escuchar sin juicio y confiar en que el Esp\u00edritu ya habita en el coraz\u00f3n de cada joven. Esta Cuaresma puede ser menos ruido\u2026 y m\u00e1s profundidad.Menos correcci\u00f3n\u2026 y m\u00e1s&hellip;<\/p><p class=\"wp-block-post-excerpt__more-text\"><a class=\"wp-block-post-excerpt__more-link\" href=\"https:\/\/pastoralrmi.com\/pt\/tips-para-el-acompanamiento-en-esta-cuaresma\/\">Ler mais<\/a><\/p><\/div>\n\n\n<div style=\"height:var(--wp--preset--spacing--30)\" aria-hidden=\"true\" class=\"wp-block-spacer\"><\/div>\n<\/div>\n\n<\/li><li data-wp-key=\"post-template-item-6658\" class=\"wp-block-post post-6658 post type-post status-publish format-standard has-post-thumbnail hentry category-cuaresma category-entradas category-tiempos-liturgicos\">\n\n<div class=\"wp-block-group is-layout-flow wp-container-core-group-is-layout-5362cf03 wp-block-group-is-layout-flow\"><figure style=\"aspect-ratio:16\/9;\" class=\"wp-block-post-featured-image\"><a href=\"https:\/\/pastoralrmi.com\/pt\/cuaresma-rmi-2026\/\" target=\"_self\"  ><img data-recalc-dims=\"1\" loading=\"lazy\" decoding=\"async\" width=\"1880\" height=\"1253\" src=\"https:\/\/i0.wp.com\/pastoralrmi.com\/wp-content\/uploads\/2026\/02\/pexels-photo-5197107.jpeg?resize=1880%2C1253&#038;ssl=1\" class=\"attachment-post-thumbnail size-post-thumbnail wp-post-image\" alt=\"Cuaresma RMI 2026\" style=\"width:100%;height:100%;object-fit:cover;\" srcset=\"https:\/\/i0.wp.com\/pastoralrmi.com\/wp-content\/uploads\/2026\/02\/pexels-photo-5197107.jpeg?w=1880&amp;ssl=1 1880w, https:\/\/i0.wp.com\/pastoralrmi.com\/wp-content\/uploads\/2026\/02\/pexels-photo-5197107.jpeg?resize=300%2C200&amp;ssl=1 300w, https:\/\/i0.wp.com\/pastoralrmi.com\/wp-content\/uploads\/2026\/02\/pexels-photo-5197107.jpeg?resize=1024%2C682&amp;ssl=1 1024w, https:\/\/i0.wp.com\/pastoralrmi.com\/wp-content\/uploads\/2026\/02\/pexels-photo-5197107.jpeg?resize=150%2C100&amp;ssl=1 150w, https:\/\/i0.wp.com\/pastoralrmi.com\/wp-content\/uploads\/2026\/02\/pexels-photo-5197107.jpeg?resize=768%2C512&amp;ssl=1 768w, https:\/\/i0.wp.com\/pastoralrmi.com\/wp-content\/uploads\/2026\/02\/pexels-photo-5197107.jpeg?resize=1536%2C1024&amp;ssl=1 1536w, https:\/\/i0.wp.com\/pastoralrmi.com\/wp-content\/uploads\/2026\/02\/pexels-photo-5197107.jpeg?resize=18%2C12&amp;ssl=1 18w, https:\/\/i0.wp.com\/pastoralrmi.com\/wp-content\/uploads\/2026\/02\/pexels-photo-5197107.jpeg?resize=1200%2C800&amp;ssl=1 1200w\" sizes=\"auto, (max-width: 1000px) 100vw, 1000px\" data-attachment-id=\"6664\" data-permalink=\"https:\/\/pastoralrmi.com\/pt\/cuaresma-rmi-2026\/pexels-photo-5197107\/\" data-orig-file=\"https:\/\/i0.wp.com\/pastoralrmi.com\/wp-content\/uploads\/2026\/02\/pexels-photo-5197107.jpeg?fit=1880%2C1253&amp;ssl=1\" data-orig-size=\"1880,1253\" data-comments-opened=\"1\" data-image-meta=\"{&quot;aperture&quot;:&quot;0&quot;,&quot;credit&quot;:&quot;&quot;,&quot;camera&quot;:&quot;&quot;,&quot;caption&quot;:&quot;Photo by Christiano Sinisterra on &lt;a href=\\&quot;https:\/\/www.pexels.com\/photo\/old-television-5197107\/\\&quot; rel=\\&quot;nofollow\\&quot;&gt;Pexels.com&lt;\/a&gt;&quot;,&quot;created_timestamp&quot;:&quot;0&quot;,&quot;copyright&quot;:&quot;&quot;,&quot;focal_length&quot;:&quot;0&quot;,&quot;iso&quot;:&quot;0&quot;,&quot;shutter_speed&quot;:&quot;0&quot;,&quot;title&quot;:&quot;old television&quot;,&quot;orientation&quot;:&quot;0&quot;}\" data-image-title=\"pexels-photo-5197107\" data-image-description=\"\" data-image-caption=\"&lt;p&gt;Photo by Christiano Sinisterra on &lt;a href=&quot;https:\/\/www.pexels.com\/photo\/old-television-5197107\/&quot; rel=&quot;nofollow&quot;&gt;Pexels.com&lt;\/a&gt;&lt;\/p&gt;\" data-large-file=\"https:\/\/i0.wp.com\/pastoralrmi.com\/wp-content\/uploads\/2026\/02\/pexels-photo-5197107.jpeg?fit=1024%2C682&amp;ssl=1\" \/><\/a><\/figure>\n\n\n<div class=\"wp-block-group is-vertical is-layout-flex wp-container-core-group-is-layout-fcb76b72 wp-block-group-is-layout-flex\"><h3 class=\"wp-block-post-title has-large-font-size\"><a href=\"https:\/\/pastoralrmi.com\/pt\/cuaresma-rmi-2026\/\" target=\"_self\" >Quaresma RMI 2026<\/a><\/h3>\n\n<div class=\"wp-block-post-date\"><time datetime=\"2026-02-12T19:19:17+01:00\">12 de Fevereiro de 2026<\/time><\/div><\/div>\n\n\n<div class=\"wp-block-post-excerpt\"><p class=\"wp-block-post-excerpt__excerpt\">Para volver a nuestras ra\u00edces\u00a0 -a Dios, a lo mejor de nosotros mismos-\u00a0 y, en consecuencia, tambi\u00e9n a los dem\u00e1s. Un d\u00eda que no empieza con notificaciones, sino con una pregunta profunda: \u00bfCon qu\u00e9 \u2014y con qui\u00e9n\u2014 est\u00e1s realmente conectado? Es una pausa. Un aviso suave que nos recuerda que algo en nosotros necesita volver&hellip;<\/p><p class=\"wp-block-post-excerpt__more-text\"><a class=\"wp-block-post-excerpt__more-link\" href=\"https:\/\/pastoralrmi.com\/pt\/cuaresma-rmi-2026\/\">Ler mais<\/a><\/p><\/div>\n\n\n<div style=\"height:var(--wp--preset--spacing--30)\" aria-hidden=\"true\" class=\"wp-block-spacer\"><\/div>\n<\/div>\n\n<\/li><li data-wp-key=\"post-template-item-6481\" class=\"wp-block-post post-6481 post type-post status-publish format-standard has-post-thumbnail hentry category-adviento category-centros-educativos category-centros-sociales category-comprender category-entradas category-fluir category-obras-apostolicas category-oraciones-retiros category-residencias category-tiempos-liturgicos category-una-teologia-para-empezar tag-adviento tag-allmah tag-carisma tag-cumplimiento tag-espiritu tag-inmanuel tag-isaias tag-mateo tag-nacimiento tag-nacimientos-excepcionales tag-navidad tag-promesa tag-relatos-de-la-infancia\">\n\n<div class=\"wp-block-group is-layout-flow wp-container-core-group-is-layout-5362cf03 wp-block-group-is-layout-flow\"><figure style=\"aspect-ratio:16\/9;\" class=\"wp-block-post-featured-image\"><a href=\"https:\/\/pastoralrmi.com\/pt\/iv-domingo-de-adviento-de-la-profecia-a-la-luz\/\" target=\"_self\"  ><img data-recalc-dims=\"1\" loading=\"lazy\" decoding=\"async\" width=\"867\" height=\"1300\" src=\"https:\/\/i0.wp.com\/pastoralrmi.com\/wp-content\/uploads\/2025\/12\/pexels-photo-4709853.jpeg?resize=867%2C1300&#038;ssl=1\" class=\"attachment-post-thumbnail size-post-thumbnail wp-post-image\" alt=\"IV Domingo de Adviento: de la profec\u00eda a la luz\" style=\"width:100%;height:100%;object-fit:cover;\" srcset=\"https:\/\/i0.wp.com\/pastoralrmi.com\/wp-content\/uploads\/2025\/12\/pexels-photo-4709853.jpeg?w=867&amp;ssl=1 867w, https:\/\/i0.wp.com\/pastoralrmi.com\/wp-content\/uploads\/2025\/12\/pexels-photo-4709853.jpeg?resize=200%2C300&amp;ssl=1 200w, https:\/\/i0.wp.com\/pastoralrmi.com\/wp-content\/uploads\/2025\/12\/pexels-photo-4709853.jpeg?resize=683%2C1024&amp;ssl=1 683w, https:\/\/i0.wp.com\/pastoralrmi.com\/wp-content\/uploads\/2025\/12\/pexels-photo-4709853.jpeg?resize=100%2C150&amp;ssl=1 100w, https:\/\/i0.wp.com\/pastoralrmi.com\/wp-content\/uploads\/2025\/12\/pexels-photo-4709853.jpeg?resize=768%2C1152&amp;ssl=1 768w, https:\/\/i0.wp.com\/pastoralrmi.com\/wp-content\/uploads\/2025\/12\/pexels-photo-4709853.jpeg?resize=8%2C12&amp;ssl=1 8w\" sizes=\"auto, (max-width: 867px) 100vw, 867px\" data-attachment-id=\"6491\" data-permalink=\"https:\/\/pastoralrmi.com\/pt\/iv-domingo-de-adviento-de-la-profecia-a-la-luz\/pexels-photo-4709853\/\" data-orig-file=\"https:\/\/i0.wp.com\/pastoralrmi.com\/wp-content\/uploads\/2025\/12\/pexels-photo-4709853.jpeg?fit=867%2C1300&amp;ssl=1\" data-orig-size=\"867,1300\" data-comments-opened=\"1\" data-image-meta=\"{&quot;aperture&quot;:&quot;0&quot;,&quot;credit&quot;:&quot;&quot;,&quot;camera&quot;:&quot;&quot;,&quot;caption&quot;:&quot;Photo by cottonbro studio on &lt;a href=\\&quot;https:\/\/www.pexels.com\/photo\/white-light-bulb-turned-on-in-room-4709853\/\\&quot; rel=\\&quot;nofollow\\&quot;&gt;Pexels.com&lt;\/a&gt;&quot;,&quot;created_timestamp&quot;:&quot;0&quot;,&quot;copyright&quot;:&quot;&quot;,&quot;focal_length&quot;:&quot;0&quot;,&quot;iso&quot;:&quot;0&quot;,&quot;shutter_speed&quot;:&quot;0&quot;,&quot;title&quot;:&quot;white light bulb turned on in room&quot;,&quot;orientation&quot;:&quot;0&quot;}\" data-image-title=\"pexels-photo-4709853\" data-image-description=\"\" data-image-caption=\"&lt;p&gt;Photo by cottonbro studio on &lt;a href=&quot;https:\/\/www.pexels.com\/photo\/white-light-bulb-turned-on-in-room-4709853\/&quot; rel=&quot;nofollow&quot;&gt;Pexels.com&lt;\/a&gt;&lt;\/p&gt;\" data-large-file=\"https:\/\/i0.wp.com\/pastoralrmi.com\/wp-content\/uploads\/2025\/12\/pexels-photo-4709853.jpeg?fit=683%2C1024&amp;ssl=1\" \/><\/a><\/figure>\n\n\n<div class=\"wp-block-group is-vertical is-layout-flex wp-container-core-group-is-layout-fcb76b72 wp-block-group-is-layout-flex\"><h3 class=\"wp-block-post-title has-large-font-size\"><a href=\"https:\/\/pastoralrmi.com\/pt\/iv-domingo-de-adviento-de-la-profecia-a-la-luz\/\" target=\"_self\" >IV domingo de Advento: da profecia \u00e0 luz<\/a><\/h3>\n\n<div class=\"wp-block-post-date\"><time datetime=\"2025-12-17T12:00:00+01:00\">17 de Dezembro de 2025<\/time><\/div><\/div>\n\n\n<div class=\"wp-block-post-excerpt\"><p class=\"wp-block-post-excerpt__excerpt\">Is&nbsp;7, 10-14.&nbsp; En aquellos d\u00edas el Se\u00f1or volvi\u00f3 a hablar a Ajaz y le dijo: \u00abPide un signo al Se\u00f1or, tu Dios: en lo hondo del abismo o en lo alto del cielo\u00bb. Respondi\u00f3 Ajaz: \u00abNo lo pido, no quiero tentar al Se\u00f1or\u00bb. Entonces dijo Isa\u00edas: \u00abEscucha, casa de David: \u00bfno os basta cansar a&hellip;<\/p><p class=\"wp-block-post-excerpt__more-text\"><a class=\"wp-block-post-excerpt__more-link\" href=\"https:\/\/pastoralrmi.com\/pt\/iv-domingo-de-adviento-de-la-profecia-a-la-luz\/\">Ler mais<\/a><\/p><\/div>\n\n\n<div style=\"height:var(--wp--preset--spacing--30)\" aria-hidden=\"true\" class=\"wp-block-spacer\"><\/div>\n<\/div>\n\n<\/li><li data-wp-key=\"post-template-item-6459\" class=\"wp-block-post post-6459 post type-post status-publish format-standard has-post-thumbnail hentry category-centros-educativos category-centros-sociales category-destellos-de-vida-cotidiana category-entradas category-fluir category-obras-apostolicas category-residencias tag-carisma tag-compromiso tag-entrega tag-fe tag-jovenes tag-jesus tag-justicia tag-realidad-social tag-residencias tag-testimonio tag-verdad\">\n\n<div class=\"wp-block-group is-layout-flow wp-container-core-group-is-layout-5362cf03 wp-block-group-is-layout-flow\"><figure style=\"aspect-ratio:16\/9;\" class=\"wp-block-post-featured-image\"><a href=\"https:\/\/pastoralrmi.com\/pt\/de-la-resi-al-mundo-la-fe-que-despierta-transforma-y-actua\/\" target=\"_self\"  ><img data-recalc-dims=\"1\" loading=\"lazy\" decoding=\"async\" width=\"1880\" height=\"1253\" src=\"https:\/\/i0.wp.com\/pastoralrmi.com\/wp-content\/uploads\/2025\/12\/pexels-photo-2467396.jpeg?resize=1880%2C1253&#038;ssl=1\" class=\"attachment-post-thumbnail size-post-thumbnail wp-post-image\" alt=\"De la resi al mundo: la fe que despierta, transforma y act\u00faa\" style=\"width:100%;height:100%;object-fit:cover;\" srcset=\"https:\/\/i0.wp.com\/pastoralrmi.com\/wp-content\/uploads\/2025\/12\/pexels-photo-2467396.jpeg?w=1880&amp;ssl=1 1880w, https:\/\/i0.wp.com\/pastoralrmi.com\/wp-content\/uploads\/2025\/12\/pexels-photo-2467396.jpeg?resize=300%2C200&amp;ssl=1 300w, https:\/\/i0.wp.com\/pastoralrmi.com\/wp-content\/uploads\/2025\/12\/pexels-photo-2467396.jpeg?resize=1024%2C682&amp;ssl=1 1024w, https:\/\/i0.wp.com\/pastoralrmi.com\/wp-content\/uploads\/2025\/12\/pexels-photo-2467396.jpeg?resize=150%2C100&amp;ssl=1 150w, https:\/\/i0.wp.com\/pastoralrmi.com\/wp-content\/uploads\/2025\/12\/pexels-photo-2467396.jpeg?resize=768%2C512&amp;ssl=1 768w, https:\/\/i0.wp.com\/pastoralrmi.com\/wp-content\/uploads\/2025\/12\/pexels-photo-2467396.jpeg?resize=1536%2C1024&amp;ssl=1 1536w, https:\/\/i0.wp.com\/pastoralrmi.com\/wp-content\/uploads\/2025\/12\/pexels-photo-2467396.jpeg?resize=18%2C12&amp;ssl=1 18w, https:\/\/i0.wp.com\/pastoralrmi.com\/wp-content\/uploads\/2025\/12\/pexels-photo-2467396.jpeg?resize=1200%2C800&amp;ssl=1 1200w\" sizes=\"auto, (max-width: 1000px) 100vw, 1000px\" data-attachment-id=\"6471\" data-permalink=\"https:\/\/pastoralrmi.com\/pt\/de-la-resi-al-mundo-la-fe-que-despierta-transforma-y-actua\/pexels-photo-2467396\/\" data-orig-file=\"https:\/\/i0.wp.com\/pastoralrmi.com\/wp-content\/uploads\/2025\/12\/pexels-photo-2467396.jpeg?fit=1880%2C1253&amp;ssl=1\" data-orig-size=\"1880,1253\" data-comments-opened=\"1\" data-image-meta=\"{&quot;aperture&quot;:&quot;0&quot;,&quot;credit&quot;:&quot;&quot;,&quot;camera&quot;:&quot;&quot;,&quot;caption&quot;:&quot;Photo by Samantha Garrote on &lt;a href=\\&quot;https:\/\/www.pexels.com\/photo\/high-angle-photo-of-woman-on-ladder-2467396\/\\&quot; rel=\\&quot;nofollow\\&quot;&gt;Pexels.com&lt;\/a&gt;&quot;,&quot;created_timestamp&quot;:&quot;0&quot;,&quot;copyright&quot;:&quot;&quot;,&quot;focal_length&quot;:&quot;0&quot;,&quot;iso&quot;:&quot;0&quot;,&quot;shutter_speed&quot;:&quot;0&quot;,&quot;title&quot;:&quot;high angle photo of woman on ladder&quot;,&quot;orientation&quot;:&quot;0&quot;}\" data-image-title=\"pexels-photo-2467396\" data-image-description=\"\" data-image-caption=\"&lt;p&gt;Photo by Samantha Garrote on &lt;a href=&quot;https:\/\/www.pexels.com\/photo\/high-angle-photo-of-woman-on-ladder-2467396\/&quot; rel=&quot;nofollow&quot;&gt;Pexels.com&lt;\/a&gt;&lt;\/p&gt;\" data-large-file=\"https:\/\/i0.wp.com\/pastoralrmi.com\/wp-content\/uploads\/2025\/12\/pexels-photo-2467396.jpeg?fit=1024%2C682&amp;ssl=1\" \/><\/a><\/figure>\n\n\n<div class=\"wp-block-group is-vertical is-layout-flex wp-container-core-group-is-layout-fcb76b72 wp-block-group-is-layout-flex\"><h3 class=\"wp-block-post-title has-large-font-size\"><a href=\"https:\/\/pastoralrmi.com\/pt\/de-la-resi-al-mundo-la-fe-que-despierta-transforma-y-actua\/\" target=\"_self\" >Da resid\u00eancia ao mundo: a f\u00e9 que desperta, transforma e atua<\/a><\/h3>\n\n<div class=\"wp-block-post-date\"><time datetime=\"2025-12-10T12:00:00+01:00\">10 de Dezembro de 2025<\/time><\/div><\/div>\n\n\n<div class=\"wp-block-post-excerpt\"><p class=\"wp-block-post-excerpt__excerpt\">Cuando ten\u00eda 16 a\u00f1os conoc\u00ed a las Religiosas de Mar\u00eda Inmaculada; y, gran parte de lo que hoy soy, es gracias a lo que con ellas viv\u00ed, crec\u00ed y aprend\u00ed hasta los 21 a\u00f1os, &nbsp;primero en la casa de C\u00f3rdoba y despu\u00e9s en la de Sevilla. Si bien, es cierto que aquella adolescente ya ven\u00eda&hellip;<\/p><p class=\"wp-block-post-excerpt__more-text\"><a class=\"wp-block-post-excerpt__more-link\" href=\"https:\/\/pastoralrmi.com\/pt\/de-la-resi-al-mundo-la-fe-que-despierta-transforma-y-actua\/\">Ler mais<\/a><\/p><\/div>\n\n\n<div style=\"height:var(--wp--preset--spacing--30)\" aria-hidden=\"true\" class=\"wp-block-spacer\"><\/div>\n<\/div>\n\n<\/li><li data-wp-key=\"post-template-item-6422\" class=\"wp-block-post post-6422 post type-post status-publish format-standard has-post-thumbnail hentry category-adviento category-centros-educativos category-centros-sociales category-destellos-de-vida-cotidiana category-entradas category-fluir category-obras-apostolicas category-residencias category-tiempos-liturgicos tag-apertura tag-carisma tag-cualidades-esenciales tag-desarrollo-integral tag-esperanza tag-jesus tag-maria-2 tag-mirada-contemplativa tag-profundo tag-regreso tag-semilla tag-silencio tag-vicenta-maria\">\n\n<div class=\"wp-block-group is-layout-flow wp-container-core-group-is-layout-5362cf03 wp-block-group-is-layout-flow\"><figure style=\"aspect-ratio:16\/9;\" class=\"wp-block-post-featured-image\"><a href=\"https:\/\/pastoralrmi.com\/pt\/el-poder-del-silencio-de-la-quietud-al-si\/\" target=\"_self\"  ><img data-recalc-dims=\"1\" loading=\"lazy\" decoding=\"async\" width=\"1442\" height=\"1300\" src=\"https:\/\/i0.wp.com\/pastoralrmi.com\/wp-content\/uploads\/2025\/12\/pexels-photo-3751387.jpeg?resize=1442%2C1300&#038;ssl=1\" class=\"attachment-post-thumbnail size-post-thumbnail wp-post-image\" alt=\"El poder del silencio: de la quietud al s\u00ed\" style=\"width:100%;height:100%;object-fit:cover;\" srcset=\"https:\/\/i0.wp.com\/pastoralrmi.com\/wp-content\/uploads\/2025\/12\/pexels-photo-3751387.jpeg?w=1442&amp;ssl=1 1442w, https:\/\/i0.wp.com\/pastoralrmi.com\/wp-content\/uploads\/2025\/12\/pexels-photo-3751387.jpeg?resize=300%2C270&amp;ssl=1 300w, https:\/\/i0.wp.com\/pastoralrmi.com\/wp-content\/uploads\/2025\/12\/pexels-photo-3751387.jpeg?resize=1024%2C923&amp;ssl=1 1024w, https:\/\/i0.wp.com\/pastoralrmi.com\/wp-content\/uploads\/2025\/12\/pexels-photo-3751387.jpeg?resize=150%2C135&amp;ssl=1 150w, https:\/\/i0.wp.com\/pastoralrmi.com\/wp-content\/uploads\/2025\/12\/pexels-photo-3751387.jpeg?resize=768%2C692&amp;ssl=1 768w, https:\/\/i0.wp.com\/pastoralrmi.com\/wp-content\/uploads\/2025\/12\/pexels-photo-3751387.jpeg?resize=13%2C12&amp;ssl=1 13w, https:\/\/i0.wp.com\/pastoralrmi.com\/wp-content\/uploads\/2025\/12\/pexels-photo-3751387.jpeg?resize=1200%2C1082&amp;ssl=1 1200w\" sizes=\"auto, (max-width: 1000px) 100vw, 1000px\" data-attachment-id=\"6431\" data-permalink=\"https:\/\/pastoralrmi.com\/pt\/el-poder-del-silencio-de-la-quietud-al-si\/pexels-photo-3751387\/\" data-orig-file=\"https:\/\/i0.wp.com\/pastoralrmi.com\/wp-content\/uploads\/2025\/12\/pexels-photo-3751387.jpeg?fit=1442%2C1300&amp;ssl=1\" data-orig-size=\"1442,1300\" data-comments-opened=\"1\" data-image-meta=\"{&quot;aperture&quot;:&quot;0&quot;,&quot;credit&quot;:&quot;&quot;,&quot;camera&quot;:&quot;&quot;,&quot;caption&quot;:&quot;Photo by Baraa Jalahej on &lt;a href=\\&quot;https:\/\/www.pexels.com\/photo\/silhouette-of-woman-standing-on-rock-near-body-of-water-during-night-time-3751387\/\\&quot; rel=\\&quot;nofollow\\&quot;&gt;Pexels.com&lt;\/a&gt;&quot;,&quot;created_timestamp&quot;:&quot;0&quot;,&quot;copyright&quot;:&quot;&quot;,&quot;focal_length&quot;:&quot;0&quot;,&quot;iso&quot;:&quot;0&quot;,&quot;shutter_speed&quot;:&quot;0&quot;,&quot;title&quot;:&quot;silhouette of woman standing on rock near body of water during night time&quot;,&quot;orientation&quot;:&quot;0&quot;}\" data-image-title=\"pexels-photo-3751387\" data-image-description=\"\" data-image-caption=\"&lt;p&gt;Photo by Baraa Jalahej on &lt;a href=&quot;https:\/\/www.pexels.com\/photo\/silhouette-of-woman-standing-on-rock-near-body-of-water-during-night-time-3751387\/&quot; rel=&quot;nofollow&quot;&gt;Pexels.com&lt;\/a&gt;&lt;\/p&gt;\" data-large-file=\"https:\/\/i0.wp.com\/pastoralrmi.com\/wp-content\/uploads\/2025\/12\/pexels-photo-3751387.jpeg?fit=1024%2C923&amp;ssl=1\" \/><\/a><\/figure>\n\n\n<div class=\"wp-block-group is-vertical is-layout-flex wp-container-core-group-is-layout-fcb76b72 wp-block-group-is-layout-flex\"><h3 class=\"wp-block-post-title has-large-font-size\"><a href=\"https:\/\/pastoralrmi.com\/pt\/el-poder-del-silencio-de-la-quietud-al-si\/\" target=\"_self\" >O poder do silencio: da quietude ao sim<\/a><\/h3>\n\n<div class=\"wp-block-post-date\"><time datetime=\"2025-12-03T12:00:00+01:00\">3 de Dezembro de 2025<\/time><\/div><\/div>\n\n\n<div class=\"wp-block-post-excerpt\"><p class=\"wp-block-post-excerpt__excerpt\">Hay d\u00edas en los que todo parece moverse a una velocidad vertiginosa: el m\u00f3vil vibra sin descanso, las tareas pendientes se amontonan, el tr\u00e1fico ruge, las incesantes notificaciones nos aturden y, sin darnos cuenta, nos vemos inmersos en una carrera constante que apenas nos deja respirar. El ruido \u2014afuera y adentro\u2014 nos envuelve hasta el&hellip;<\/p><p class=\"wp-block-post-excerpt__more-text\"><a class=\"wp-block-post-excerpt__more-link\" href=\"https:\/\/pastoralrmi.com\/pt\/el-poder-del-silencio-de-la-quietud-al-si\/\">Ler mais<\/a><\/p><\/div>\n\n\n<div style=\"height:var(--wp--preset--spacing--30)\" aria-hidden=\"true\" class=\"wp-block-spacer\"><\/div>\n<\/div>\n\n<\/li><li data-wp-key=\"post-template-item-6404\" class=\"wp-block-post post-6404 post type-post status-publish format-standard has-post-thumbnail hentry category-adviento category-centros-educativos category-centros-sociales category-comprender category-fluir category-obras-apostolicas category-oraciones-retiros category-residencias category-tiempos-liturgicos\">\n\n<div class=\"wp-block-group is-layout-flow wp-container-core-group-is-layout-5362cf03 wp-block-group-is-layout-flow\"><figure style=\"aspect-ratio:16\/9;\" class=\"wp-block-post-featured-image\"><a href=\"https:\/\/pastoralrmi.com\/pt\/adviento-2025\/\" target=\"_self\"  ><img data-recalc-dims=\"1\" loading=\"lazy\" decoding=\"async\" width=\"1880\" height=\"1175\" src=\"https:\/\/i0.wp.com\/pastoralrmi.com\/wp-content\/uploads\/2025\/11\/pexels-photo-34931241.jpeg?resize=1880%2C1175&#038;ssl=1\" class=\"attachment-post-thumbnail size-post-thumbnail wp-post-image\" alt=\"Adviento RMI 2025\" style=\"width:100%;height:100%;object-fit:cover;\" srcset=\"https:\/\/i0.wp.com\/pastoralrmi.com\/wp-content\/uploads\/2025\/11\/pexels-photo-34931241.jpeg?w=1880&amp;ssl=1 1880w, https:\/\/i0.wp.com\/pastoralrmi.com\/wp-content\/uploads\/2025\/11\/pexels-photo-34931241.jpeg?resize=300%2C188&amp;ssl=1 300w, https:\/\/i0.wp.com\/pastoralrmi.com\/wp-content\/uploads\/2025\/11\/pexels-photo-34931241.jpeg?resize=1024%2C640&amp;ssl=1 1024w, https:\/\/i0.wp.com\/pastoralrmi.com\/wp-content\/uploads\/2025\/11\/pexels-photo-34931241.jpeg?resize=150%2C94&amp;ssl=1 150w, https:\/\/i0.wp.com\/pastoralrmi.com\/wp-content\/uploads\/2025\/11\/pexels-photo-34931241.jpeg?resize=768%2C480&amp;ssl=1 768w, https:\/\/i0.wp.com\/pastoralrmi.com\/wp-content\/uploads\/2025\/11\/pexels-photo-34931241.jpeg?resize=1536%2C960&amp;ssl=1 1536w, https:\/\/i0.wp.com\/pastoralrmi.com\/wp-content\/uploads\/2025\/11\/pexels-photo-34931241.jpeg?resize=18%2C12&amp;ssl=1 18w, https:\/\/i0.wp.com\/pastoralrmi.com\/wp-content\/uploads\/2025\/11\/pexels-photo-34931241.jpeg?resize=1200%2C750&amp;ssl=1 1200w\" sizes=\"auto, (max-width: 1000px) 100vw, 1000px\" data-attachment-id=\"6410\" data-permalink=\"https:\/\/pastoralrmi.com\/pt\/adviento-2025\/pexels-photo-34931241\/\" data-orig-file=\"https:\/\/i0.wp.com\/pastoralrmi.com\/wp-content\/uploads\/2025\/11\/pexels-photo-34931241.jpeg?fit=1880%2C1175&amp;ssl=1\" data-orig-size=\"1880,1175\" data-comments-opened=\"1\" data-image-meta=\"{&quot;aperture&quot;:&quot;0&quot;,&quot;credit&quot;:&quot;&quot;,&quot;camera&quot;:&quot;&quot;,&quot;caption&quot;:&quot;Photo by Alexander Tisko on &lt;a href=\\&quot;https:\/\/www.pexels.com\/photo\/sunrise-over-potrerillos-mountains-in-argentina-34931241\/\\&quot; rel=\\&quot;nofollow\\&quot;&gt;Pexels.com&lt;\/a&gt;&quot;,&quot;created_timestamp&quot;:&quot;0&quot;,&quot;copyright&quot;:&quot;&quot;,&quot;focal_length&quot;:&quot;0&quot;,&quot;iso&quot;:&quot;0&quot;,&quot;shutter_speed&quot;:&quot;0&quot;,&quot;title&quot;:&quot;sunrise over potrerillos mountains in argentina&quot;,&quot;orientation&quot;:&quot;0&quot;}\" data-image-title=\"pexels-photo-34931241\" data-image-description=\"\" data-image-caption=\"&lt;p&gt;Photo by Alexander Tisko on &lt;a href=&quot;https:\/\/www.pexels.com\/photo\/sunrise-over-potrerillos-mountains-in-argentina-34931241\/&quot; rel=&quot;nofollow&quot;&gt;Pexels.com&lt;\/a&gt;&lt;\/p&gt;\" data-large-file=\"https:\/\/i0.wp.com\/pastoralrmi.com\/wp-content\/uploads\/2025\/11\/pexels-photo-34931241.jpeg?fit=1024%2C640&amp;ssl=1\" \/><\/a><\/figure>\n\n\n<div class=\"wp-block-group is-vertical is-layout-flex wp-container-core-group-is-layout-fcb76b72 wp-block-group-is-layout-flex\"><h3 class=\"wp-block-post-title has-large-font-size\"><a href=\"https:\/\/pastoralrmi.com\/pt\/adviento-2025\/\" target=\"_self\" >Adviento RMI 2025<\/a><\/h3>\n\n<div class=\"wp-block-post-date\"><time datetime=\"2025-11-26T15:50:29+01:00\">26 de Novembro de 2025<\/time><\/div><\/div>\n\n\n<div class=\"wp-block-post-excerpt\"><p class=\"wp-block-post-excerpt__excerpt\">El Adviento es un tiempo para descargar lo que pesa y preparar el coraz\u00f3n. Para conectar con aquello que esta un poquito m\u00e1s olvidado o menos cuidado&#8230;. a que la luz que conecta lo de fuera con lo de dentro ilumine tu coraz\u00f3n desde lo sencillo y cotidiano.&nbsp; El Adviento es un tiempo para encender&hellip;<\/p><p class=\"wp-block-post-excerpt__more-text\"><a class=\"wp-block-post-excerpt__more-link\" href=\"https:\/\/pastoralrmi.com\/pt\/adviento-2025\/\">Ler mais<\/a><\/p><\/div>\n\n\n<div style=\"height:var(--wp--preset--spacing--30)\" aria-hidden=\"true\" class=\"wp-block-spacer\"><\/div>\n<\/div>\n\n<\/li><li data-wp-key=\"post-template-item-6379\" class=\"wp-block-post post-6379 post type-post status-publish format-standard has-post-thumbnail hentry category-adviento category-destellos-de-vida-cotidiana category-entradas category-fluir category-obras-apostolicas category-tiempos-liturgicos\">\n\n<div class=\"wp-block-group is-layout-flow wp-container-core-group-is-layout-5362cf03 wp-block-group-is-layout-flow\"><figure style=\"aspect-ratio:16\/9;\" class=\"wp-block-post-featured-image\"><a href=\"https:\/\/pastoralrmi.com\/pt\/adviento-tiempo-para-vivir-una-esperanza-confiada\/\" target=\"_self\"  ><img data-recalc-dims=\"1\" loading=\"lazy\" decoding=\"async\" width=\"1880\" height=\"1253\" src=\"https:\/\/i0.wp.com\/pastoralrmi.com\/wp-content\/uploads\/2025\/11\/pexels-photo-2118058.jpeg?resize=1880%2C1253&#038;ssl=1\" class=\"attachment-post-thumbnail size-post-thumbnail wp-post-image\" alt=\"ADVIENTO: tiempo para vivir una ESPERANZA CONFIADA\" style=\"width:100%;height:100%;object-fit:cover;\" srcset=\"https:\/\/i0.wp.com\/pastoralrmi.com\/wp-content\/uploads\/2025\/11\/pexels-photo-2118058.jpeg?w=1880&amp;ssl=1 1880w, https:\/\/i0.wp.com\/pastoralrmi.com\/wp-content\/uploads\/2025\/11\/pexels-photo-2118058.jpeg?resize=300%2C200&amp;ssl=1 300w, https:\/\/i0.wp.com\/pastoralrmi.com\/wp-content\/uploads\/2025\/11\/pexels-photo-2118058.jpeg?resize=1024%2C682&amp;ssl=1 1024w, https:\/\/i0.wp.com\/pastoralrmi.com\/wp-content\/uploads\/2025\/11\/pexels-photo-2118058.jpeg?resize=150%2C100&amp;ssl=1 150w, https:\/\/i0.wp.com\/pastoralrmi.com\/wp-content\/uploads\/2025\/11\/pexels-photo-2118058.jpeg?resize=768%2C512&amp;ssl=1 768w, https:\/\/i0.wp.com\/pastoralrmi.com\/wp-content\/uploads\/2025\/11\/pexels-photo-2118058.jpeg?resize=1536%2C1024&amp;ssl=1 1536w, https:\/\/i0.wp.com\/pastoralrmi.com\/wp-content\/uploads\/2025\/11\/pexels-photo-2118058.jpeg?resize=18%2C12&amp;ssl=1 18w, https:\/\/i0.wp.com\/pastoralrmi.com\/wp-content\/uploads\/2025\/11\/pexels-photo-2118058.jpeg?resize=1200%2C800&amp;ssl=1 1200w\" sizes=\"auto, (max-width: 1000px) 100vw, 1000px\" data-attachment-id=\"6380\" data-permalink=\"https:\/\/pastoralrmi.com\/pt\/adviento-tiempo-para-vivir-una-esperanza-confiada\/pexels-photo-2118058\/\" data-orig-file=\"https:\/\/i0.wp.com\/pastoralrmi.com\/wp-content\/uploads\/2025\/11\/pexels-photo-2118058.jpeg?fit=1880%2C1253&amp;ssl=1\" data-orig-size=\"1880,1253\" data-comments-opened=\"1\" data-image-meta=\"{&quot;aperture&quot;:&quot;0&quot;,&quot;credit&quot;:&quot;&quot;,&quot;camera&quot;:&quot;&quot;,&quot;caption&quot;:&quot;Photo by Qu\\u1ed1c B\\u1ea3o on &lt;a href=\\&quot;https:\/\/www.pexels.com\/photo\/woman-in-brown-top-2118058\/\\&quot; rel=\\&quot;nofollow\\&quot;&gt;Pexels.com&lt;\/a&gt;&quot;,&quot;created_timestamp&quot;:&quot;0&quot;,&quot;copyright&quot;:&quot;&quot;,&quot;focal_length&quot;:&quot;0&quot;,&quot;iso&quot;:&quot;0&quot;,&quot;shutter_speed&quot;:&quot;0&quot;,&quot;title&quot;:&quot;woman in brown top&quot;,&quot;orientation&quot;:&quot;0&quot;}\" data-image-title=\"pexels-photo-2118058\" data-image-description=\"\" data-image-caption=\"&lt;p&gt;Photo by Qu\u1ed1c B\u1ea3o on &lt;a href=&quot;https:\/\/www.pexels.com\/photo\/woman-in-brown-top-2118058\/&quot; rel=&quot;nofollow&quot;&gt;Pexels.com&lt;\/a&gt;&lt;\/p&gt;\" data-large-file=\"https:\/\/i0.wp.com\/pastoralrmi.com\/wp-content\/uploads\/2025\/11\/pexels-photo-2118058.jpeg?fit=1024%2C682&amp;ssl=1\" \/><\/a><\/figure>\n\n\n<div class=\"wp-block-group is-vertical is-layout-flex wp-container-core-group-is-layout-fcb76b72 wp-block-group-is-layout-flex\"><h3 class=\"wp-block-post-title has-large-font-size\"><a href=\"https:\/\/pastoralrmi.com\/pt\/adviento-tiempo-para-vivir-una-esperanza-confiada\/\" target=\"_self\" >ADVENTO: tempo para viver uma ESPERAN\u00c7A CONFIADA<\/a><\/h3>\n\n<div class=\"wp-block-post-date\"><time datetime=\"2025-11-26T12:00:00+01:00\">26 de Novembro de 2025<\/time><\/div><\/div>\n\n\n<div class=\"wp-block-post-excerpt\"><p class=\"wp-block-post-excerpt__excerpt\">\u201cMirad que realizo algo nuevo; ya est\u00e1 brotando, \u00bfno lo not\u00e1is? Yo voy a hacer algo nuevo. Voy a abrir un camino en el desierto y r\u00edos en la tierra est\u00e9ril\u201d (Isaias.43,18-19) Al intentar poner palabra y compartir contigo algo sobre la ESPERANZA CONFIADA, son las palabras del profeta Isa\u00edas las que hacen brotar en&hellip;<\/p><p class=\"wp-block-post-excerpt__more-text\"><a class=\"wp-block-post-excerpt__more-link\" href=\"https:\/\/pastoralrmi.com\/pt\/adviento-tiempo-para-vivir-una-esperanza-confiada\/\">Ler mais<\/a><\/p><\/div>\n\n\n<div style=\"height:var(--wp--preset--spacing--30)\" aria-hidden=\"true\" class=\"wp-block-spacer\"><\/div>\n<\/div>\n\n<\/li><li data-wp-key=\"post-template-item-6356\" class=\"wp-block-post post-6356 post type-post status-publish format-standard has-post-thumbnail hentry category-adviento category-entradas category-fluir category-obras-apostolicas category-tiempos-liturgicos category-una-teologia-para-empezar tag-anonadamiento tag-biblia tag-cristo-rey tag-cristologia tag-descenso tag-dogmatica tag-evolucion tag-humanidad tag-iglesia tag-jesus tag-jesus-de-nazaret tag-magisterio tag-misericordia tag-pobres tag-sin-papeles tag-solidaridad tag-una-teologia-para-empezar tag-victimas\">\n\n<div class=\"wp-block-group is-layout-flow wp-container-core-group-is-layout-5362cf03 wp-block-group-is-layout-flow\"><figure style=\"aspect-ratio:16\/9;\" class=\"wp-block-post-featured-image\"><a href=\"https:\/\/pastoralrmi.com\/pt\/la-fiesta-de-cristo-rey-y-la-memoria-de-sus-vicarios\/\" target=\"_self\"  ><img data-recalc-dims=\"1\" loading=\"lazy\" decoding=\"async\" width=\"1880\" height=\"1253\" src=\"https:\/\/i0.wp.com\/pastoralrmi.com\/wp-content\/uploads\/2025\/11\/pexels-photo-15439959.jpeg?resize=1880%2C1253&#038;ssl=1\" class=\"attachment-post-thumbnail size-post-thumbnail wp-post-image\" alt=\"La fiesta de Cristo Rey y la memoria de sus vicarios\" style=\"width:100%;height:100%;object-fit:cover;\" srcset=\"https:\/\/i0.wp.com\/pastoralrmi.com\/wp-content\/uploads\/2025\/11\/pexels-photo-15439959.jpeg?w=1880&amp;ssl=1 1880w, https:\/\/i0.wp.com\/pastoralrmi.com\/wp-content\/uploads\/2025\/11\/pexels-photo-15439959.jpeg?resize=300%2C200&amp;ssl=1 300w, https:\/\/i0.wp.com\/pastoralrmi.com\/wp-content\/uploads\/2025\/11\/pexels-photo-15439959.jpeg?resize=1024%2C682&amp;ssl=1 1024w, https:\/\/i0.wp.com\/pastoralrmi.com\/wp-content\/uploads\/2025\/11\/pexels-photo-15439959.jpeg?resize=150%2C100&amp;ssl=1 150w, https:\/\/i0.wp.com\/pastoralrmi.com\/wp-content\/uploads\/2025\/11\/pexels-photo-15439959.jpeg?resize=768%2C512&amp;ssl=1 768w, https:\/\/i0.wp.com\/pastoralrmi.com\/wp-content\/uploads\/2025\/11\/pexels-photo-15439959.jpeg?resize=1536%2C1024&amp;ssl=1 1536w, https:\/\/i0.wp.com\/pastoralrmi.com\/wp-content\/uploads\/2025\/11\/pexels-photo-15439959.jpeg?resize=18%2C12&amp;ssl=1 18w, https:\/\/i0.wp.com\/pastoralrmi.com\/wp-content\/uploads\/2025\/11\/pexels-photo-15439959.jpeg?resize=1200%2C800&amp;ssl=1 1200w\" sizes=\"auto, (max-width: 1000px) 100vw, 1000px\" data-attachment-id=\"6363\" data-permalink=\"https:\/\/pastoralrmi.com\/pt\/la-fiesta-de-cristo-rey-y-la-memoria-de-sus-vicarios\/pexels-photo-15439959\/\" data-orig-file=\"https:\/\/i0.wp.com\/pastoralrmi.com\/wp-content\/uploads\/2025\/11\/pexels-photo-15439959.jpeg?fit=1880%2C1253&amp;ssl=1\" data-orig-size=\"1880,1253\" data-comments-opened=\"1\" data-image-meta=\"{&quot;aperture&quot;:&quot;0&quot;,&quot;credit&quot;:&quot;&quot;,&quot;camera&quot;:&quot;&quot;,&quot;caption&quot;:&quot;Photo by Heber Vazquez on &lt;a href=\\&quot;https:\/\/www.pexels.com\/photo\/silhouettes-of-climbers-walking-down-the-hill-15439959\/\\&quot; rel=\\&quot;nofollow\\&quot;&gt;Pexels.com&lt;\/a&gt;&quot;,&quot;created_timestamp&quot;:&quot;0&quot;,&quot;copyright&quot;:&quot;&quot;,&quot;focal_length&quot;:&quot;0&quot;,&quot;iso&quot;:&quot;0&quot;,&quot;shutter_speed&quot;:&quot;0&quot;,&quot;title&quot;:&quot;silhouettes of climbers walking down the hill&quot;,&quot;orientation&quot;:&quot;0&quot;}\" data-image-title=\"pexels-photo-15439959\" data-image-description=\"\" data-image-caption=\"&lt;p&gt;Photo by Heber Vazquez on &lt;a href=&quot;https:\/\/www.pexels.com\/photo\/silhouettes-of-climbers-walking-down-the-hill-15439959\/&quot; rel=&quot;nofollow&quot;&gt;Pexels.com&lt;\/a&gt;&lt;\/p&gt;\" data-large-file=\"https:\/\/i0.wp.com\/pastoralrmi.com\/wp-content\/uploads\/2025\/11\/pexels-photo-15439959.jpeg?fit=1024%2C682&amp;ssl=1\" \/><\/a><\/figure>\n\n\n<div class=\"wp-block-group is-vertical is-layout-flex wp-container-core-group-is-layout-fcb76b72 wp-block-group-is-layout-flex\"><h3 class=\"wp-block-post-title has-large-font-size\"><a href=\"https:\/\/pastoralrmi.com\/pt\/la-fiesta-de-cristo-rey-y-la-memoria-de-sus-vicarios\/\" target=\"_self\" >A festa de Cristo Rei e a mem\u00f3ria dos seus vig\u00e1rios<\/a><\/h3>\n\n<div class=\"wp-block-post-date\"><time datetime=\"2025-11-19T12:00:00+01:00\">19 de Novembro de 2025<\/time><\/div><\/div>\n\n\n<div class=\"wp-block-post-excerpt\"><p class=\"wp-block-post-excerpt__excerpt\">El domingo 23 de noviembre se cierra el a\u00f1o lit\u00fargico con la celebraci\u00f3n de la fiesta de Cristo Rey del Universo. La fiesta fue instaurada por el Papa P\u00edo XI el 11 de diciembre de 1925 y se celebraba a finales de octubre. Pablo VI, despu\u00e9s del Concilio Vaticano II, decidi\u00f3 que se celebrara el&hellip;<\/p><p class=\"wp-block-post-excerpt__more-text\"><a class=\"wp-block-post-excerpt__more-link\" href=\"https:\/\/pastoralrmi.com\/pt\/la-fiesta-de-cristo-rey-y-la-memoria-de-sus-vicarios\/\">Ler mais<\/a><\/p><\/div>\n\n\n<div style=\"height:var(--wp--preset--spacing--30)\" aria-hidden=\"true\" class=\"wp-block-spacer\"><\/div>\n<\/div>\n\n<\/li><\/ul><\/div>\n<\/div>\n<\/div>\n\n\n\n<div style=\"height:calc( 0.25 * var(--wp--style--root--padding-right, var(--wp--custom--gap--horizontal)))\" aria-hidden=\"true\" class=\"wp-block-spacer\"><\/div>\n<\/div>","protected":false},"excerpt":{"rendered":"<p>Desde el carisma Esta secci\u00f3n es un aporte para que la tensi\u00f3n de nuestro hilo conduzca a un modo de vivir cada vez m\u00e1s en sinton\u00eda con la bondad de lo que ocurre. Encontrar\u00e1s comentarios, reflexiones, palabras sueltas de mujeres y hombres comprometidos con el tejido del Mundo, de la mano de las intuiciones de [&hellip;]<\/p>\n","protected":false},"author":246329482,"featured_media":0,"parent":0,"menu_order":0,"comment_status":"closed","ping_status":"closed","template":"","meta":{"_eb_attr":"","_crdt_document":"{\"document\":\"AAAH57LTuxGoA6ACCAygxQEBAgwCAQIKAQRKGgIBAgoAShACAQIKAEoQAgECCgBKABIBAgoAShACAQIKAEoQAgECCgJCAEoANAECCgJCAErGAbgPAQIKAEoQAgECCgBKEAIBAgoBAwxMAQ5KAK4BAQIKAQMMTAEOSgCiAQECCgEDDEwBDkr+E7AVAQIKAErmFrgWAQIKAQFKFAIBAgoAShACAQIKAQJKFgIBAgoBAUoUAgECCgEASgAUAQIKAQBKEgIBAgoCQgBKfqYDAQIKAkIAStAErAgBAgoAShACAQIKAQNKGAIBAgoAShACAQIKAQFKFAIBAgoBBUoAHgECCgEBShQCAQIKAQNKABoBAgoBDEpwnAEBAgoBAUoAFgECCgBK5gy4DAECCgBKAP8CKAMnAAQAJwAEACcAKAQnACgEJwAHACgDJwAoBicABwAoAycAKAEnAAcAKAMnACgBJwAHACgDJwAoAScAhwAoAycAKAEnAAcAKAMnACgBJwAHACgDJwEEACgBJwCHACgDJwEEACgBJwCHACgDJwAoAScABwAoAycAKAEnAAcAKAMnACgEJwAEACgQJwCHACgDJwAoBCcABAAoECcAhwAoAycAKAQnAAQAKBAnAIcAKAMnACgBJwCHACgDJwAoAycABwAoAycAKAEnAAcAKAMnACgEJwAHACgDJwAoACcAKAEnAAcAKAMnACgCJwCHACgDJwAoACcAKAAnAAcAKAMnAQQAKAEnAIcAKAMnAQQAKAEnAIcAKAMnACgBJwAHACgDJwAoBScABwAoAycAKAEnAAcAKAMnACgDJwAHACgDJwAoBycAhwAoAycAKAMnAAcAKAMnACgFJwCHACgDJwAoDicAhwAoAycAKAMnAIcAKAMnACgBJwCHACgDJwAoASe0WYtWc3RhdGV2ZXJzaW9uZG9jdW1lbnRkYXRlZG9jdW1lbnRzbHVnZG9jdW1lbnRzdGF0dXNkb2N1bWVudHRpdGxlRmx1aXJkb2N1bWVudGNvbnRlbnQ8IS0tIHdwOmdyb3VwIHsibWV0YWRhdGEiOnsiY2F0ZWdvcmllcyI6WyJwb3N0cyIsInBhZ2UiXSwicGF0dGVybk5hbWUiOiJhOGMvYmxvZy1wb3N0cy1oZWFkaW5nLWFuZC1saXN0LW9mLXBvc3RzLW9uLXRoZS1yaWdodCIsIm5hbWUiOiJFbnRyYWRhcyA3In0sImFsaWduIjoiZnVsbCIsImNsYXNzTmFtZSI6ImFsaWduZnVsbCIsInN0eWxlIjp7InNwYWNpbmciOnsibWFyZ2luIjp7InRvcCI6IjAiLCJib3R0b20iOiIwIn0sInBhZGRpbmciOnsidG9wIjoidmFyOnByZXNldHxzcGFjaW5nfDQwIiwicmlnaHQiOiJ2YXI6cHJlc2V0fHNwYWNpbmd8NDAifX19LCJsYXlvdXQiOnsidHlwZSI6ImRlZmF1bHQifX0gLS0+CjxkaXYgY2xhc3M9IndwLWJsb2NrLWdyb3VwIGFsaWduZnVsbCIgc3R5bGU9Im1hcmdpbi10b3A6MDttYXJnaW4tYm90dG9tOjA7cGFkZGluZy10b3A6dmFyKC0td3AtLXByZXNldC0tc3BhY2luZy0tNDApO3BhZGRpbmctcmlnaHQ6dmFyKC0td3AtLXByZXNldC0tc3BhY2luZy0tNDApIj48IS0tIHdwOmNvbHVtbnMgLS0+CjxkaXYgY2xhc3M9IndwLWJsb2NrLWNvbHVtbnMiPjwhLS0gd3A6Y29sdW1uIHsid2lkdGgiOiIxMDAlIn0gLS0+CjxkaXYgY2xhc3M9IndwLWJsb2NrLWNvbHVtbiIgc3R5bGU9ImZsZXgtYmFzaXM6MTAwJSI+PCEtLSB3cDpzcGFjZXIgLS0+CjxkaXYgc3R5bGU9ImhlaWdodDoxMDBweCIgYXJpYS1oaWRkZW49InRydWUiIGNsYXNzPSJ3cC1ibG9jay1zcGFjZXIiPjwvZGl2Pgo8IS0tIC93cDpzcGFjZXIgLS0+Cgo8IS0tIHdwOmNvbHVtbnMgeyJ2ZXJ0aWNhbEFsaWdubWVudCI6bnVsbH0gLS0+CjxkaXYgY2xhc3M9IndwLWJsb2NrLWNvbHVtbnMiPjwhLS0gd3A6Y29sdW1uIHsic3R5bGUiOnsic3BhY2luZyI6eyJwYWRkaW5nIjp7InJpZ2h0IjoidmFyOnByZXNldHxzcGFjaW5nfDUwIiwibGVmdCI6InZhcjpwcmVzZXR8c3BhY2luZ3w1MCJ9fX19IC0tPgo8ZGl2IGNsYXNzPSJ3cC1ibG9jay1jb2x1bW4iIHN0eWxlPSJwYWRkaW5nLXJpZ2h0OnZhcigtLXdwLS1wcmVzZXQtLXNwYWNpbmctLTUwKTtwYWRkaW5nLWxlZnQ6dmFyKC0td3AtLXByZXNldC0tc3BhY2luZy0tNTApIj48IS0tIHdwOmhlYWRpbmcgLS0+CjxoMiBjbGFzcz0id3AtYmxvY2staGVhZGluZyI+RGVzZGUgZWwgY2FyaXNtYTwvaDI+CjwhLS0gL3dwOmhlYWRpbmcgLS0+Cgo8IS0tIHdwOnBhcmFncmFwaCAtLT4KPHA+PHN0cm9uZz5Fc3RhIHNlY2Npw7NuPC9zdHJvbmc+IGVzIHVuIGFwb3J0ZSBwYXJhIHF1ZSBsYSB0ZW5zacOzbiBkZSBudWVzdHJvIGhpbG8gY29uZHV6Y2EgYSB1biBtb2RvIGRlIHZpdmlyIGNhZGEgdmV6IG3DoXMgZW4gc2ludG9uw61hIGNvbiBsYSBib25kYWQgZGUgbG8gcXVlIG9jdXJyZS4gRW5jb250cmFyw6FzIDxzdHJvbmc+Y29tZW50YXJpb3MsIHJlZmxleGlvbmVzLCBwYWxhYnJhcyBzdWVsdGFzPC9zdHJvbmc+IGRlIG11amVyZXMgeSBob21icmVzIGNvbXByb21ldGlkb3MgY29uIGVsIHRlamlkbyBkZWwgTXVuZG8sIGRlIGxhIG1hbm8gZGUgbGFzIGludHVpY2lvbmVzIGRlIFZpY2VudGEgTWFyw61hIHkgZGVsIGRlc2Fycm9sbG8gcG9zdGVyaW9yIGRlIHN1IG9icmEsIGVuIGxvcyBnaXJvcyBkZSBsYSB2aWRhIGNvdGlkaWFuYS4gPGEgaHJlZj0iI2VudHJhZGFzIj5MZWVyIMO6bHRpbWFzIGVudHJhZGFzPC9hPi48L3A+CjwhLS0gL3dwOnBhcmFncmFwaCAtLT48L2Rpdj4KPCEtLSAvd3A6Y29sdW1uIC0tPgoKPCEtLSB3cDpjb2x1bW4geyJ2ZXJ0aWNhbEFsaWdubWVudCI6ImNlbnRlciJ9IC0tPgo8ZGl2IGNsYXNzPSJ3cC1ibG9jay1jb2x1bW4gaXMtdmVydGljYWxseS1hbGlnbmVkLWNlbnRlciI+PCEtLSB3cDpidXR0b25zIHsibGF5b3V0Ijp7InR5cGUiOiJmbGV4IiwiZmxleFdyYXAiOiJ3cmFwIiwianVzdGlmeUNvbnRlbnQiOiJjZW50ZXIifX0gLS0+CjxkaXYgY2xhc3M9IndwLWJsb2NrLWJ1dHRvbnMiPjwhLS0gd3A6YnV0dG9uIHsid2lkdGgiOjc1LCJzdHlsZSI6eyJib3JkZXIiOnsicmFkaXVzIjoiMTAwcHgifX19IC0tPgo8ZGl2IGNsYXNzPSJ3cC1ibG9jay1idXR0b24gaGFzLWN1c3RvbS13aWR0aCB3cC1ibG9jay1idXR0b25fX3dpZHRoLTc1Ij48YSBjbGFzcz0id3AtYmxvY2stYnV0dG9uX19saW5rIHdwLWVsZW1lbnQtYnV0dG9uIiBocmVmPSJodHRwczovL3Bhc3RvcmFscm1pLmNvbS9mbHVpci91bmEtdGVvbG9naWEtcGFyYS1lbXBlemFyLyIgc3R5bGU9ImJvcmRlci1yYWRpdXM6MTAwcHgiPnVOQSBURU9MT0fDjUEgUEFSQSBFTVBFWkFSPC9hPjwvZGl2Pgo8IS0tIC93cDpidXR0b24gLS0+Cgo8IS0tIHdwOmJ1dHRvbiB7IndpZHRoIjo3NSwic3R5bGUiOnsiYm9yZGVyIjp7InJhZGl1cyI6IjEwMHB4In19fSAtLT4KPGRpdiBjbGFzcz0id3AtYmxvY2stYnV0dG9uIGhhcy1jdXN0b20td2lkdGggd3AtYmxvY2stYnV0dG9uX193aWR0aC03NSI+PGEgY2xhc3M9IndwLWJsb2NrLWJ1dHRvbl9fbGluayB3cC1lbGVtZW50LWJ1dHRvbiIgaHJlZj0iaHR0cHM6Ly9wYXN0b3JhbHJtaS5jb20vZmx1aXIvZGVzYXJyb2xsby1pbnRlZ3JhbC8iIHN0eWxlPSJib3JkZXItcmFkaXVzOjEwMHB4Ij5ERVNBUlJPTExPIElOVEVHUkFMPC9hPjwvZGl2Pgo8IS0tIC93cDpidXR0b24gLS0+Cgo8IS0tIHdwOmJ1dHRvbiB7InRleHRBbGlnbiI6ImNlbnRlciIsIndpZHRoIjo3NSwic3R5bGUiOnsiYm9yZGVyIjp7InJhZGl1cyI6IjEwMHB4In19fSAtLT4KPGRpdiBjbGFzcz0id3AtYmxvY2stYnV0dG9uIGhhcy1jdXN0b20td2lkdGggd3AtYmxvY2stYnV0dG9uX193aWR0aC03NSI+PGEgY2xhc3M9IndwLWJsb2NrLWJ1dHRvbl9fbGluayBoYXMtdGV4dC1hbGlnbi1jZW50ZXIgd3AtZWxlbWVudC1idXR0b24iIGhyZWY9Imh0dHBzOi8vcGFzdG9yYWxybWkuY29tL2ZsdWlyL2Rlc3RlbGxvcy1kZS12aWRhLWNvdGlkaWFuYS8iIHN0eWxlPSJib3JkZXItcmFkaXVzOjEwMHB4Ij5ERVNURUxMT1MgREUgVklEQSBDT1RJRElBTkE8L2E+PC9kaXY+CjwhLS0gL3dwOmJ1dHRvbiAtLT48L2Rpdj4KPCEtLSAvd3A6YnV0dG9ucyAtLT48L2Rpdj4KPCEtLSAvd3A6Y29sdW1uIC0tPjwvZGl2Pgo8IS0tIC93cDpjb2x1bW5zIC0tPgoKPCEtLSB3cDpzcGFjZXIgLS0+CjxkaXYgc3R5bGU9ImhlaWdodDoxMDBweCIgYXJpYS1oaWRkZW49InRydWUiIGNsYXNzPSJ3cC1ibG9jay1zcGFjZXIiPjwvZGl2Pgo8IS0tIC93cDpzcGFjZXIgLS0+PC9kaXY+CjwhLS0gL3dwOmNvbHVtbiAtLT48L2Rpdj4KPCEtLSAvd3A6Y29sdW1ucyAtLT4KCjwhLS0gd3A6Y29sdW1ucyB7ImFsaWduIjoid2lkZSIsInN0eWxlIjp7InNwYWNpbmciOnsiYmxvY2tHYXAiOnsibGVmdCI6InZhcjpwcmVzZXR8c3BhY2luZ3w0MCJ9fX19IC0tPgo8ZGl2IGNsYXNzPSJ3cC1ibG9jay1jb2x1bW5zIGFsaWdud2lkZSI+PCEtLSB3cDpjb2x1bW4geyJsYXlvdXQiOnsidHlwZSI6ImNvbnN0cmFpbmVkIiwiY29udGVudFNpemUiOiIzNDBweCIsImp1c3RpZnlDb250ZW50IjoibGVmdCJ9fSAtLT4KPGRpdiBjbGFzcz0id3AtYmxvY2stY29sdW1uIj48IS0tIHdwOmdyb3VwIHsibWV0YWRhdGEiOnsibmFtZSI6IkNvbnRlbnQifSwic3R5bGUiOnsicG9zaXRpb24iOnsidHlwZSI6InN0aWNreSIsInRvcCI6IjBweCJ9LCJzcGFjaW5nIjp7InBhZGRpbmciOnsidG9wIjoidmFyOnByZXNldHxzcGFjaW5nfDMwIiwiYm90dG9tIjoidmFyOnByZXNldHxzcGFjaW5nfDYwIn19fSwibGF5b3V0Ijp7InR5cGUiOiJkZWZhdWx0In19IC0tPgo8ZGl2IGNsYXNzPSJ3cC1ibG9jay1ncm91cCIgc3R5bGU9InBhZGRpbmctdG9wOnZhcigtLXdwLS1wcmVzZXQtLXNwYWNpbmctLTMwKTtwYWRkaW5nLWJvdHRvbTp2YXIoLS13cC0tcHJlc2V0LS1zcGFjaW5nLS02MCkiPjwhLS0gd3A6cXVvdGUgeyJjbGFzc05hbWUiOiJpcy1zdHlsZS1wbGFpbiJ9IC0tPgo8YmxvY2txdW90ZSBjbGFzcz0id3AtYmxvY2stcXVvdGUgaXMtc3R5bGUtcGxhaW4iPjwhLS0gd3A6c3BhY2VyIHsiaGVpZ2h0IjoiNjBweCJ9IC0tPgo8ZGl2IHN0eWxlPSJoZWlnaHQ6NjBweCIgYXJpYS1oaWRkZW49InRydWUiIGlkPSJlbnRyYWRhcyIgY2xhc3M9IndwLWJsb2NrLXNwYWNlciI+PC9kaXY+CjwhLS0gL3dwOnNwYWNlciAtLT4KCjwhLS0gd3A6cXVvdGUgLS0+CjxibG9ja3F1b3RlIGNsYXNzPSJ3cC1ibG9jay1xdW90ZSI+PCEtLSB3cDpwYXJhZ3JhcGggLS0+CjxwPjxlbT5ObyBoYXkgbmFkYSBkZSBleHRyYW9yZGluYXJpbyBlbiBsYSBoaXN0b3JpYSBkZSBudWVzdHJvIGluc3RpdHV0bzwvZW0+PC9wPgo8IS0tIC93cDpwYXJhZ3JhcGggLS0+PC9ibG9ja3F1b3RlPgo8IS0tIC93cDpxdW90ZSAtLT48L2Jsb2NrcXVvdGU+CjwhLS0gL3dwOnF1b3RlIC0tPgoKPCEtLSB3cDpwYXJhZ3JhcGggLS0+CjxwPmVzY3JpYmnDsyBWaWNlbnRhIE1hcsOtYS4gUXVpc2nDqXJhbW9zIHJldG9tYXJsbzogZWwgcXVlIG5vIGVzdGFtb3MgZW5mcmVudGFkb3MgY29uIGxvcyBhY29udGVjaW1pZW50b3Mgc2lubyBxdWUgY29sYWJvcmFtb3MgY29uIGVsbG9zLjwvcD4KPCEtLSAvd3A6cGFyYWdyYXBoIC0tPjwvZGl2Pgo8IS0tIC93cDpncm91cCAtLT48L2Rpdj4KPCEtLSAvd3A6Y29sdW1uIC0tPgoKPCEtLSB3cDpjb2x1bW4geyJ3aWR0aCI6IjY2JSJ9IC0tPgo8ZGl2IGNsYXNzPSJ3cC1ibG9jay1jb2x1bW4iIHN0eWxlPSJmbGV4LWJhc2lzOjY2JSI+PCEtLSB3cDpxdWVyeSB7InF1ZXJ5SWQiOjksInF1ZXJ5Ijp7InBlclBhZ2UiOjksInBhZ2VzIjowLCJvZmZzZXQiOjAsInBvc3RUeXBlIjoicG9zdCIsIm9yZGVyIjoiZGVzYyIsIm9yZGVyQnkiOiJkYXRlIiwiYXV0aG9yIjoiIiwic2VhcmNoIjoiIiwiZXhjbHVkZSI6W10sInN0aWNreSI6ImV4Y2x1ZGUiLCJpbmhlcml0IjpmYWxzZSwic3RhdHVzWzBdIjoicHVibGlzaCIsInN0YXR1c1sxXSI6InByaXZhdGUifSwiZW5oYW5jZWRQYWdpbmF0aW9uIjp0cnVlLCJhbGlnbiI6IndpZGUifSAtLT4KPGRpdiBjbGFzcz0id3AtYmxvY2stcXVlcnkgYWxpZ253aWRlIj48IS0tIHdwOnBvc3QtdGVtcGxhdGUgeyJsYXlvdXQiOnsidHlwZSI6ImdyaWQiLCJjb2x1bW5Db3VudCI6bnVsbCwibWluaW11bUNvbHVtbldpZHRoIjoiMTJyZW0ifX0gLS0+CjwhLS0gd3A6Z3JvdXAgeyJzdHlsZSI6eyJzcGFjaW5nIjp7ImJsb2NrR2FwIjoiMjRweCJ9fSwibGF5b3V0Ijp7ImluaGVyaXQiOmZhbHNlfX0gLS0+CjxkaXYgY2xhc3M9IndwLWJsb2NrLWdyb3VwIj48IS0tIHdwOnBvc3QtZmVhdHVyZWQtaW1hZ2UgeyJpc0xpbmsiOnRydWUsImFzcGVjdFJhdGlvIjoiMTYvOSJ9IC8tLT4KCjwhLS0gd3A6Z3JvdXAgeyJzdHlsZSI6eyJzcGFjaW5nIjp7ImJsb2NrR2FwIjoiOHB4In19LCJsYXlvdXQiOnsidHlwZSI6ImZsZXgiLCJvcmllbnRhdGlvbiI6InZlcnRpY2FsIn19IC0tPgo8ZGl2IGNsYXNzPSJ3cC1ibG9jay1ncm91cCI+PCEtLSB3cDpwb3N0LXRpdGxlIHsibGV2ZWwiOjMsImlzTGluayI6dHJ1ZSwiZm9udFNpemUiOiJsYXJnZSJ9IC8tLT4KCjwhLS0gd3A6cG9zdC1kYXRlIC8tLT48L2Rpdj4KPCEtLSAvd3A6Z3JvdXAgLS0+Cgo8IS0tIHdwOnBvc3QtZXhjZXJwdCB7Im1vcmVUZXh0IjoiTGVlciBtw6FzIn0gLy0tPgoKPCEtLSB3cDpzcGFjZXIgeyJoZWlnaHQiOiJ2YXI6cHJlc2V0fHNwYWNpbmd8MzAifSAtLT4KPGRpdiBzdHlsZT0iaGVpZ2h0OnZhcigtLXdwLS1wcmVzZXQtLXNwYWNpbmctLTMwKSIgYXJpYS1oaWRkZW49InRydWUiIGNsYXNzPSJ3cC1ibG9jay1zcGFjZXIiPjwvZGl2Pgo8IS0tIC93cDpzcGFjZXIgLS0+PC9kaXY+CjwhLS0gL3dwOmdyb3VwIC0tPgo8IS0tIC93cDpwb3N0LXRlbXBsYXRlIC0tPjwvZGl2Pgo8IS0tIC93cDpxdWVyeSAtLT48L2Rpdj4KPCEtLSAvd3A6Y29sdW1uIC0tPjwvZGl2Pgo8IS0tIC93cDpjb2x1bW5zIC0tPgoKPCEtLSB3cDpzcGFjZXIgeyJoZWlnaHQiOiJjYWxjKCAwLjI1ICogdmFyKFx1MDAyZFx1MDAyZHdwXHUwMDJkXHUwMDJkc3R5bGVcdTAwMmRcdTAwMmRyb290XHUwMDJkXHUwMDJkcGFkZGluZy1yaWdodCwgdmFyKFx1MDAyZFx1MDAyZHdwXHUwMDJkXHUwMDJkY3VzdG9tXHUwMDJkXHUwMDJkZ2FwXHUwMDJkXHUwMDJkaG9yaXpvbnRhbCkpKSJ9IC0tPgo8ZGl2IHN0eWxlPSJoZWlnaHQ6Y2FsYyggMC4yNSAqIHZhcigtLXdwLS1zdHlsZS0tcm9vdC0tcGFkZGluZy1yaWdodCwgdmFyKC0td3AtLWN1c3RvbS0tZ2FwLS1ob3Jpem9udGFsKSkpIiBhcmlhLWhpZGRlbj0idHJ1ZSIgY2xhc3M9IndwLWJsb2NrLXNwYWNlciI+PC9kaXY+CjwhLS0gL3dwOnNwYWNlciAtLT48L2Rpdj4KPCEtLSAvd3A6Z3JvdXAgLS0+ZG9jdW1lbnRleGNlcnB0ZG9jdW1lbnRhdXRob3Jkb2N1bWVudGZlYXR1cmVkX21lZGlhZG9jdW1lbnRjb21tZW50X3N0YXR1c2RvY3VtZW50cGluZ19zdGF0dXNkb2N1bWVudHRlbXBsYXRlZG9jdW1lbnRtZXRhX2ViX2F0dHJhZHZhbmNlZF9zZW9fZGVzY3JpcHRpb25qZXRwYWNrX3Nlb19odG1sX3RpdGxlamV0cGFja19zZW9fbm9pbmRleGZvb3Rub3Rlc2RvY3VtZW50YmxvY2tzY2xpZW50SWRpc1ZhbGlkb3JpZ2luYWxDb250ZW50bmFtZWF0dHJpYnV0ZXN0YWdOYW1lbWV0YWRhdGFhbGlnbmNsYXNzTmFtZXN0eWxlbGF5b3V0VHJwQ29udGVudFJlc3RyaWN0aW9uaW5uZXJCbG9ja3NjbGllbnRJZGlzVmFsaWRvcmlnaW5hbENvbnRlbnRuYW1lYXR0cmlidXRlc2lzU3RhY2tlZE9uTW9iaWxlVHJwQ29udGVudFJlc3RyaWN0aW9uaW5uZXJCbG9ja3NjbGllbnRJZGlzVmFsaWRvcmlnaW5hbENvbnRlbnRuYW1lYXR0cmlidXRlc3dpZHRoVHJwQ29udGVudFJlc3RyaWN0aW9uaW5uZXJCbG9ja3NjbGllbnRJZGlzVmFsaWRvcmlnaW5hbENvbnRlbnRuYW1lYXR0cmlidXRlc2hlaWdodFRycENvbnRlbnRSZXN0cmljdGlvbmlubmVyQmxvY2tzY2xpZW50SWRpc1ZhbGlkb3JpZ2luYWxDb250ZW50bmFtZWF0dHJpYnV0ZXNpc1N0YWNrZWRPbk1vYmlsZVRycENvbnRlbnRSZXN0cmljdGlvbmlubmVyQmxvY2tzY2xpZW50SWRpc1ZhbGlkb3JpZ2luYWxDb250ZW50bmFtZWF0dHJpYnV0ZXNzdHlsZVRycENvbnRlbnRSZXN0cmljdGlvbmlubmVyQmxvY2tzY2xpZW50SWRpc1ZhbGlkb3JpZ2luYWxDb250ZW50bmFtZWF0dHJpYnV0ZXNjb250ZW50RGVzZGUgZWwgY2FyaXNtYWxldmVsVHJwQ29udGVudFJlc3RyaWN0aW9uaW5uZXJCbG9ja3NjbGllbnRJZGlzVmFsaWRvcmlnaW5hbENvbnRlbnRuYW1lYXR0cmlidXRlc2NvbnRlbnQ8c3Ryb25nPkVzdGEgc2VjY2nDs248L3N0cm9uZz4gZXMgdW4gYXBvcnRlIHBhcmEgcXVlIGxhIHRlbnNpw7NuIGRlIG51ZXN0cm8gaGlsbyBjb25kdXpjYSBhIHVuIG1vZG8gZGUgdml2aXIgY2FkYSB2ZXogbcOhcyBlbiBzaW50b27DrWEgY29uIGxhIGJvbmRhZCBkZSBsbyBxdWUgb2N1cnJlLiBFbmNvbnRyYXLDoXMgPHN0cm9uZz5jb21lbnRhcmlvcywgcmVmbGV4aW9uZXMsIHBhbGFicmFzIHN1ZWx0YXM8L3N0cm9uZz4gZGUgbXVqZXJlcyB5IGhvbWJyZXMgY29tcHJvbWV0aWRvcyBjb24gZWwgdGVqaWRvIGRlbCBNdW5kbywgZGUgbGEgbWFubyBkZSBsYXMgaW50dWljaW9uZXMgZGUgVmljZW50YSBNYXLDrWEgeSBkZWwgZGVzYXJyb2xsbyBwb3N0ZXJpb3IgZGUgc3Ugb2JyYSwgZW4gbG9zIGdpcm9zIGRlIGxhIHZpZGEgY290aWRpYW5hLiA8YSBocmVmPSIjZW50cmFkYXMiPkxlZXIgw7psdGltYXMgZW50cmFkYXM8L2E+LmRyb3BDYXBUcnBDb250ZW50UmVzdHJpY3Rpb25pbm5lckJsb2Nrc2NsaWVudElkaXNWYWxpZG9yaWdpbmFsQ29udGVudG5hbWVhdHRyaWJ1dGVzdmVydGljYWxBbGlnbm1lbnRUcnBDb250ZW50UmVzdHJpY3Rpb25pbm5lckJsb2Nrc2NsaWVudElkaXNWYWxpZG9yaWdpbmFsQ29udGVudG5hbWVhdHRyaWJ1dGVzbGF5b3V0VHJwQ29udGVudFJlc3RyaWN0aW9uaW5uZXJCbG9ja3NjbGllbnRJZGlzVmFsaWRvcmlnaW5hbENvbnRlbnRuYW1lYXR0cmlidXRlc3RhZ05hbWV0eXBldGV4dEFsaWdudXJsdGl0bGV0ZXh0dU5BIFRFT0xPR8ONQSBQQVJBIEVNUEVaQVJsaW5rVGFyZ2V0cmVscGxhY2Vob2xkZXJiYWNrZ3JvdW5kQ29sb3J0ZXh0Q29sb3JncmFkaWVudGJvcmRlckNvbG9yYWxpZ25sb2NrYW5jaG9yY2xhc3NOYW1lZm9udEZhbWlseWZvbnRTaXplc3R5bGVtZXRhZGF0YVRycENvbnRlbnRSZXN0cmljdGlvbmV4dGVuZGVyeGlubmVyQmxvY2tzY2xpZW50SWRpc1ZhbGlkb3JpZ2luYWxDb250ZW50bmFtZWF0dHJpYnV0ZXN0YWdOYW1ldHlwZXRleHRBbGlnbnVybHRpdGxldGV4dERFU0FSUk9MTE8gSU5URUdSQUxsaW5rVGFyZ2V0cmVscGxhY2Vob2xkZXJiYWNrZ3JvdW5kQ29sb3J0ZXh0Q29sb3JncmFkaWVudGJvcmRlckNvbG9yYWxpZ25sb2NrYW5jaG9yY2xhc3NOYW1lZm9udEZhbWlseWZvbnRTaXplc3R5bGVtZXRhZGF0YVRycENvbnRlbnRSZXN0cmljdGlvbmV4dGVuZGVyeGlubmVyQmxvY2tzY2xpZW50SWRpc1ZhbGlkb3JpZ2luYWxDb250ZW50bmFtZWF0dHJpYnV0ZXN0YWdOYW1ldHlwZXRleHRBbGlnbnVybHRpdGxldGV4dERFU1RFTExPUyBERSBWSURBIENPVElESUFOQWxpbmtUYXJnZXRyZWxwbGFjZWhvbGRlcmJhY2tncm91bmRDb2xvcnRleHRDb2xvcmdyYWRpZW50Ym9yZGVyQ29sb3JhbGlnbmxvY2thbmNob3JjbGFzc05hbWVmb250RmFtaWx5Zm9udFNpemVzdHlsZW1ldGFkYXRhVHJwQ29udGVudFJlc3RyaWN0aW9uZXh0ZW5kZXJ4aW5uZXJCbG9ja3NjbGllbnRJZGlzVmFsaWRvcmlnaW5hbENvbnRlbnRuYW1lYXR0cmlidXRlc2hlaWdodFRycENvbnRlbnRSZXN0cmljdGlvbmlubmVyQmxvY2tzY2xpZW50SWRpc1ZhbGlkb3JpZ2luYWxDb250ZW50bmFtZWF0dHJpYnV0ZXNpc1N0YWNrZWRPbk1vYmlsZWFsaWduc3R5bGVUcnBDb250ZW50UmVzdHJpY3Rpb25pbm5lckJsb2Nrc2NsaWVudElkaXNWYWxpZG9yaWdpbmFsQ29udGVudG5hbWVhdHRyaWJ1dGVzbGF5b3V0VHJwQ29udGVudFJlc3RyaWN0aW9uaW5uZXJCbG9ja3NjbGllbnRJZGlzVmFsaWRvcmlnaW5hbENvbnRlbnRuYW1lYXR0cmlidXRlc3RhZ05hbWVtZXRhZGF0YXN0eWxlbGF5b3V0VHJwQ29udGVudFJlc3RyaWN0aW9uaW5uZXJCbG9ja3NjbGllbnRJZGlzVmFsaWRvcmlnaW5hbENvbnRlbnRuYW1lYXR0cmlidXRlc3ZhbHVlY2l0YXRpb25jbGFzc05hbWVUcnBDb250ZW50UmVzdHJpY3Rpb25pbm5lckJsb2Nrc2NsaWVudElkaXNWYWxpZG9yaWdpbmFsQ29udGVudG5hbWVhdHRyaWJ1dGVzaGVpZ2h0VHJwQ29udGVudFJlc3RyaWN0aW9uYW5jaG9yaW5uZXJCbG9ja3NjbGllbnRJZGlzVmFsaWRvcmlnaW5hbENvbnRlbnRuYW1lYXR0cmlidXRlc3ZhbHVlY2l0YXRpb25UcnBDb250ZW50UmVzdHJpY3Rpb25pbm5lckJsb2Nrc2NsaWVudElkaXNWYWxpZG9yaWdpbmFsQ29udGVudG5hbWVhdHRyaWJ1dGVzY29udGVudDxlbT5ObyBoYXkgbmFkYSBkZSBleHRyYW9yZGluYXJpbyBlbiBsYSBoaXN0b3JpYSBkZSBudWVzdHJvIGluc3RpdHV0bzwvZW0+ZHJvcENhcFRycENvbnRlbnRSZXN0cmljdGlvbmlubmVyQmxvY2tzY2xpZW50SWRpc1ZhbGlkb3JpZ2luYWxDb250ZW50bmFtZWF0dHJpYnV0ZXNjb250ZW50ZXNjcmliacOzIFZpY2VudGEgTWFyw61hLiBRdWlzacOpcmFtb3MgcmV0b21hcmxvOiBlbCBxdWUgbm8gZXN0YW1vcyBlbmZyZW50YWRvcyBjb24gbG9zIGFjb250ZWNpbWllbnRvcyBzaW5vIHF1ZSBjb2xhYm9yYW1vcyBjb24gZWxsb3MuZHJvcENhcFRycENvbnRlbnRSZXN0cmljdGlvbmlubmVyQmxvY2tzY2xpZW50SWRpc1ZhbGlkb3JpZ2luYWxDb250ZW50bmFtZWF0dHJpYnV0ZXN3aWR0aFRycENvbnRlbnRSZXN0cmljdGlvbmlubmVyQmxvY2tzY2xpZW50SWRpc1ZhbGlkb3JpZ2luYWxDb250ZW50bmFtZWF0dHJpYnV0ZXNxdWVyeUlkcXVlcnl0YWdOYW1lZW5oYW5jZWRQYWdpbmF0aW9uYWxpZ25UcnBDb250ZW50UmVzdHJpY3Rpb25pbm5lckJsb2Nrc2NsaWVudElkaXNWYWxpZG9yaWdpbmFsQ29udGVudG5hbWVhdHRyaWJ1dGVzbGF5b3V0VHJwQ29udGVudFJlc3RyaWN0aW9uaW5uZXJCbG9ja3NjbGllbnRJZGlzVmFsaWRvcmlnaW5hbENvbnRlbnRuYW1lYXR0cmlidXRlc3RhZ05hbWVzdHlsZWxheW91dFRycENvbnRlbnRSZXN0cmljdGlvbmlubmVyQmxvY2tzY2xpZW50SWRpc1ZhbGlkb3JpZ2luYWxDb250ZW50bmFtZWF0dHJpYnV0ZXNpc0xpbmthc3BlY3RSYXRpb3NjYWxlcmVsbGlua1RhcmdldGRpbVJhdGlvdXNlRmlyc3RJbWFnZUZyb21Qb3N0VHJwQ29udGVudFJlc3RyaWN0aW9uaW5uZXJCbG9ja3NjbGllbnRJZGlzVmFsaWRvcmlnaW5hbENvbnRlbnRuYW1lYXR0cmlidXRlc3RhZ05hbWVzdHlsZWxheW91dFRycENvbnRlbnRSZXN0cmljdGlvbmlubmVyQmxvY2tzY2xpZW50SWRpc1ZhbGlkb3JpZ2luYWxDb250ZW50bmFtZWF0dHJpYnV0ZXNsZXZlbGlzTGlua3JlbGxpbmtUYXJnZXRmb250U2l6ZVRycENvbnRlbnRSZXN0cmljdGlvbmlubmVyQmxvY2tzY2xpZW50SWRpc1ZhbGlkb3JpZ2luYWxDb250ZW50bmFtZWF0dHJpYnV0ZXN0ZXh0QWxpZ25mb3JtYXRpc0xpbmtib3JkZXJDb2xvcmJhY2tncm91bmRDb2xvcnRleHRDb2xvcmdyYWRpZW50bG9ja2ZvbnRGYW1pbHlmb250U2l6ZXN0eWxlVHJwQ29udGVudFJlc3RyaWN0aW9uZXh0ZW5kZXJ4Y2xhc3NOYW1lbWV0YWRhdGFpbm5lckJsb2Nrc2NsaWVudElkaXNWYWxpZG9yaWdpbmFsQ29udGVudG5hbWVhdHRyaWJ1dGVzbW9yZVRleHRzaG93TW9yZU9uTmV3TGluZWV4Y2VycHRMZW5ndGhUcnBDb250ZW50UmVzdHJpY3Rpb25pbm5lckJsb2Nrc2NsaWVudElkaXNWYWxpZG9yaWdpbmFsQ29udGVudG5hbWVhdHRyaWJ1dGVzaGVpZ2h0VHJwQ29udGVudFJlc3RyaWN0aW9uaW5uZXJCbG9ja3NjbGllbnRJZGlzVmFsaWRvcmlnaW5hbENvbnRlbnRuYW1lYXR0cmlidXRlc2hlaWdodFRycENvbnRlbnRSZXN0cmljdGlvbmlubmVyQmxvY2tzBQcIBAgECAYIRQAIB6liCAcIBggOCA4IC0gBBAgYFhMJCAYIBw8ECgcIBQkFBhULCAcPBAoRFQsIBw8ECgUVCwgHDwQKBhULCAcPBAoRFQsIBw8ECgUVCwgHDwQKBxAFFQsIBw8ECgePBwcVCwgHDwQKERULCAcPBAoGFQsIBw8ECgcECQMFBBkKAwsPCQgLBQQGCQoIBQgVCQsIBw8ECgcECQMFBBMKAwsPCQgLBQQGCQoIBQgVCQsIBw8ECgcECQMFBBsKAwsPCQgLBQQGCQoIBQgVCQsIBw8ECgYVCwgHDwQKEUUAFQsIBw8ECgYVCwgHDwQKBwgFBhULCAcPBAoFCAkVCwgHDwQKBhUGCwgHDwQKBQgVCwgHDwQKB4oBBxULCAcPBAoHhAIHFQsIBw8ECgUVCwgHDwQKBwUHEgUVCwgHDwQKBhULCAcPBAoHBQYVCwgHDwQKBgsFAwoIVQALCAcPBAoHBQYVCwgHDwQKBQYDCggVCwgHDwQKCUYACw8JCAQKCAUVSQAICwgHDwQKCBENFQsIBw8ECgYVCwgHDwQKBhULDwEEAAABAAAAAQYABAEAAHBCAQEAQQAAQQAAQQAAQQAAQQAAQQAAQQACAEEAAgBBAABBAABBAAIAQQACAEEAAgBBAABBAABBAABBAABBAAIAQQAAQQACAEEAAgBBAAIAQQAAQQAAQQAAQQAAQQAAQQAAQQAAQQAAQQAAQQAAQQAAA0G7AgG3AwB9AXcTMjAyNC0wNC0xNlQxNjozODoyOXcFZmx1aXJ3B3B1Ymxpc2h9isL16gF9AHcGY2xvc2VkdwZjbG9zZWR3AHcAdwB3AHl3AHckMThmYzVlMzUtNWIyMy00Y2RmLTgxMGUtNmNiNTQwM2E2MzQ4eHetATxkaXYgY2xhc3M9IndwLWJsb2NrLWdyb3VwIGFsaWduZnVsbCIgc3R5bGU9Im1hcmdpbi10b3A6MDttYXJnaW4tYm90dG9tOjA7cGFkZGluZy10b3A6dmFyKC0td3AtLXByZXNldC0tc3BhY2luZy0tNDApO3BhZGRpbmctcmlnaHQ6dmFyKC0td3AtLXByZXNldC0tc3BhY2luZy0tNDApIj4KCgoKPC9kaXY+dwpjb3JlL2dyb3VwdwNkaXZ2AwpjYXRlZ29yaWVzdQJ3BXBvc3RzdwRwYWdlC3BhdHRlcm5OYW1ldzVhOGMvYmxvZy1wb3N0cy1oZWFkaW5nLWFuZC1saXN0LW9mLXBvc3RzLW9uLXRoZS1yaWdodARuYW1ldwpFbnRyYWRhcyA3dwRmdWxsdwlhbGlnbmZ1bGx2AQdzcGFjaW5ndgIGbWFyZ2ludgIDdG9wdwEwBmJvdHRvbXcBMAdwYWRkaW5ndgIDdG9wdxV2YXI6cHJlc2V0fHNwYWNpbmd8NDAFcmlnaHR3FXZhcjpwcmVzZXR8c3BhY2luZ3w0MHYBBHR5cGV3B2RlZmF1bHR2AxByZXN0cmljdGlvbl90eXBldwdleGNsdWRlEnNlbGVjdGVkX2xhbmd1YWdlc3UACnBhbmVsX29wZW54dyQxNWI4ZDMyYS04YTQ4LTQ3ZTEtYmYzMy0wYzdjOWQxYTZhZGJ4dyQ8ZGl2IGNsYXNzPSJ3cC1ibG9jay1jb2x1bW5zIj48L2Rpdj53DGNvcmUvY29sdW1uc3h2AxByZXN0cmljdGlvbl90eXBldwdleGNsdWRlEnNlbGVjdGVkX2xhbmd1YWdlc3UACnBhbmVsX29wZW54dyQ4MWQ2YzZlOC1jNTMzLTQ5YzMtOGU3MC1iMjhhZjQ2M2FmOTh4dz88ZGl2IGNsYXNzPSJ3cC1ibG9jay1jb2x1bW4iIHN0eWxlPSJmbGV4LWJhc2lzOjEwMCUiPgoKCgo8L2Rpdj53C2NvcmUvY29sdW1udwQxMDAldgMQcmVzdHJpY3Rpb25fdHlwZXcHZXhjbHVkZRJzZWxlY3RlZF9sYW5ndWFnZXN1AApwYW5lbF9vcGVueHckNjU0OTZkNmYtZGJhNy00MTkxLWE2YmQtZTIxMjBiMzU4MDhieHdLPGRpdiBzdHlsZT0iaGVpZ2h0OjEwMHB4IiBhcmlhLWhpZGRlbj0idHJ1ZSIgY2xhc3M9IndwLWJsb2NrLXNwYWNlciI+PC9kaXY+dwtjb3JlL3NwYWNlcncFMTAwcHh2AxByZXN0cmljdGlvbl90eXBldwdleGNsdWRlEnNlbGVjdGVkX2xhbmd1YWdlc3UACnBhbmVsX29wZW54dyRjMWY4YWYyYi1kYjJiLTQ5MTktYTE1Ny05Mjc3MDNjMGY3YmJ4dyY8ZGl2IGNsYXNzPSJ3cC1ibG9jay1jb2x1bW5zIj4KCjwvZGl2PncMY29yZS9jb2x1bW5zeHYDEHJlc3RyaWN0aW9uX3R5cGV3B2V4Y2x1ZGUSc2VsZWN0ZWRfbGFuZ3VhZ2VzdQAKcGFuZWxfb3Blbnh3JDU0NmZhZTM5LTZiMWMtNGQ1NC04YjJjLTQ2MmYxMDQxYTZlOXh3hgE8ZGl2IGNsYXNzPSJ3cC1ibG9jay1jb2x1bW4iIHN0eWxlPSJwYWRkaW5nLXJpZ2h0OnZhcigtLXdwLS1wcmVzZXQtLXNwYWNpbmctLTUwKTtwYWRkaW5nLWxlZnQ6dmFyKC0td3AtLXByZXNldC0tc3BhY2luZy0tNTApIj4KCjwvZGl2PncLY29yZS9jb2x1bW52AQdzcGFjaW5ndgEHcGFkZGluZ3YCBXJpZ2h0dxV2YXI6cHJlc2V0fHNwYWNpbmd8NTAEbGVmdHcVdmFyOnByZXNldHxzcGFjaW5nfDUwdgMQcmVzdHJpY3Rpb25fdHlwZXcHZXhjbHVkZRJzZWxlY3RlZF9sYW5ndWFnZXN1AApwYW5lbF9vcGVueHckMzBlNDlmZTMtN2UwZi00MjI2LTk0ZTktNDMwYTZkMzJiYjcxeHcyPGgyIGNsYXNzPSJ3cC1ibG9jay1oZWFkaW5nIj5EZXNkZSBlbCBjYXJpc21hPC9oMj53DGNvcmUvaGVhZGluZ30CdgMQcmVzdHJpY3Rpb25fdHlwZXcHZXhjbHVkZRJzZWxlY3RlZF9sYW5ndWFnZXN1AApwYW5lbF9vcGVueHckYWQxMjI2ZWYtYTc4Zi00NWVlLTlmZTktODljYjMxMDMxMjI4eHfdAzxwPjxzdHJvbmc+RXN0YSBzZWNjacOzbjwvc3Ryb25nPiBlcyB1biBhcG9ydGUgcGFyYSBxdWUgbGEgdGVuc2nDs24gZGUgbnVlc3RybyBoaWxvIGNvbmR1emNhIGEgdW4gbW9kbyBkZSB2aXZpciBjYWRhIHZleiBtw6FzIGVuIHNpbnRvbsOtYSBjb24gbGEgYm9uZGFkIGRlIGxvIHF1ZSBvY3VycmUuIEVuY29udHJhcsOhcyA8c3Ryb25nPmNvbWVudGFyaW9zLCByZWZsZXhpb25lcywgcGFsYWJyYXMgc3VlbHRhczwvc3Ryb25nPiBkZSBtdWplcmVzIHkgaG9tYnJlcyBjb21wcm9tZXRpZG9zIGNvbiBlbCB0ZWppZG8gZGVsIE11bmRvLCBkZSBsYSBtYW5vIGRlIGxhcyBpbnR1aWNpb25lcyBkZSBWaWNlbnRhIE1hcsOtYSB5IGRlbCBkZXNhcnJvbGxvIHBvc3RlcmlvciBkZSBzdSBvYnJhLCBlbiBsb3MgZ2lyb3MgZGUgbGEgdmlkYSBjb3RpZGlhbmEuIDxhIGhyZWY9IiNlbnRyYWRhcyI+TGVlciDDumx0aW1hcyBlbnRyYWRhczwvYT4uPC9wPncOY29yZS9wYXJhZ3JhcGh5dgMQcmVzdHJpY3Rpb25fdHlwZXcHZXhjbHVkZRJzZWxlY3RlZF9sYW5ndWFnZXN1AApwYW5lbF9vcGVueHckYTI2MjdmMDgtN2Q1My00ODdiLTg0MDItZWZmYTg4ZWEyODdkeHdAPGRpdiBjbGFzcz0id3AtYmxvY2stY29sdW1uIGlzLXZlcnRpY2FsbHktYWxpZ25lZC1jZW50ZXIiPjwvZGl2PncLY29yZS9jb2x1bW53BmNlbnRlcnYDEHJlc3RyaWN0aW9uX3R5cGV3B2V4Y2x1ZGUSc2VsZWN0ZWRfbGFuZ3VhZ2VzdQAKcGFuZWxfb3Blbnh3JGQ3YjY4YzY3LWRhYjctNDkwZC1iMDI5LWJlNWIxNWQyMmNmY3h3KDxkaXYgY2xhc3M9IndwLWJsb2NrLWJ1dHRvbnMiPgoKCgo8L2Rpdj53DGNvcmUvYnV0dG9uc3YDBHR5cGV3BGZsZXgIZmxleFdyYXB3BHdyYXAOanVzdGlmeUNvbnRlbnR3BmNlbnRlcnYDEHJlc3RyaWN0aW9uX3R5cGV3B2V4Y2x1ZGUSc2VsZWN0ZWRfbGFuZ3VhZ2VzdQAKcGFuZWxfb3Blbnh3JGZmNzJkOGE2LTUyOTMtNGRlNC1hMTQyLTAxZjI4YWQzN2NiNnh3+wE8ZGl2IGNsYXNzPSJ3cC1ibG9jay1idXR0b24gaGFzLWN1c3RvbS13aWR0aCB3cC1ibG9jay1idXR0b25fX3dpZHRoLTc1Ij48YSBjbGFzcz0id3AtYmxvY2stYnV0dG9uX19saW5rIHdwLWVsZW1lbnQtYnV0dG9uIiBocmVmPSJodHRwczovL3Bhc3RvcmFscm1pLmNvbS9mbHVpci91bmEtdGVvbG9naWEtcGFyYS1lbXBlemFyLyIgc3R5bGU9ImJvcmRlci1yYWRpdXM6MTAwcHgiPnVOQSBURU9MT0fDjUEgUEFSQSBFTVBFWkFSPC9hPjwvZGl2PncLY29yZS9idXR0b253AWF3BmJ1dHRvbn93OGh0dHBzOi8vcGFzdG9yYWxybWkuY29tL2ZsdWlyL3VuYS10ZW9sb2dpYS1wYXJhLWVtcGV6YXIvf39\/f39\/f39\/f39\/f392AgZib3JkZXJ2AQZyYWRpdXN3BTEwMHB4CmRpbWVuc2lvbnN2AQV3aWR0aHcDNzUlf3YDEHJlc3RyaWN0aW9uX3R5cGV3B2V4Y2x1ZGUSc2VsZWN0ZWRfbGFuZ3VhZ2VzdQAKcGFuZWxfb3Blbnh\/dyRkMzI1OGE3OC01ODQ1LTQzNzItOTM4My0wN2IzNjIzNTZkYjh4d+4BPGRpdiBjbGFzcz0id3AtYmxvY2stYnV0dG9uIGhhcy1jdXN0b20td2lkdGggd3AtYmxvY2stYnV0dG9uX193aWR0aC03NSI+PGEgY2xhc3M9IndwLWJsb2NrLWJ1dHRvbl9fbGluayB3cC1lbGVtZW50LWJ1dHRvbiIgaHJlZj0iaHR0cHM6Ly9wYXN0b3JhbHJtaS5jb20vZmx1aXIvZGVzYXJyb2xsby1pbnRlZ3JhbC8iIHN0eWxlPSJib3JkZXItcmFkaXVzOjEwMHB4Ij5ERVNBUlJPTExPIElOVEVHUkFMPC9hPjwvZGl2PncLY29yZS9idXR0b253AWF3BmJ1dHRvbn93Mmh0dHBzOi8vcGFzdG9yYWxybWkuY29tL2ZsdWlyL2Rlc2Fycm9sbG8taW50ZWdyYWwvf39\/f39\/f39\/f39\/f392AgZib3JkZXJ2AQZyYWRpdXN3BTEwMHB4CmRpbWVuc2lvbnN2AQV3aWR0aHcDNzUlf3YDEHJlc3RyaWN0aW9uX3R5cGV3B2V4Y2x1ZGUSc2VsZWN0ZWRfbGFuZ3VhZ2VzdQAKcGFuZWxfb3Blbnh\/dyQyZTNiNGM4NS0wNmJlLTQ0ODYtYTQwYi1hZmY0MDgyYTlhNGR4d5QCPGRpdiBjbGFzcz0id3AtYmxvY2stYnV0dG9uIGhhcy1jdXN0b20td2lkdGggd3AtYmxvY2stYnV0dG9uX193aWR0aC03NSI+PGEgY2xhc3M9IndwLWJsb2NrLWJ1dHRvbl9fbGluayBoYXMtdGV4dC1hbGlnbi1jZW50ZXIgd3AtZWxlbWVudC1idXR0b24iIGhyZWY9Imh0dHBzOi8vcGFzdG9yYWxybWkuY29tL2ZsdWlyL2Rlc3RlbGxvcy1kZS12aWRhLWNvdGlkaWFuYS8iIHN0eWxlPSJib3JkZXItcmFkaXVzOjEwMHB4Ij5ERVNURUxMT1MgREUgVklEQSBDT1RJRElBTkE8L2E+PC9kaXY+dwtjb3JlL2J1dHRvbncBYXcGYnV0dG9udwZjZW50ZXJ3Omh0dHBzOi8vcGFzdG9yYWxybWkuY29tL2ZsdWlyL2Rlc3RlbGxvcy1kZS12aWRhLWNvdGlkaWFuYS9\/f39\/f39\/f39\/f39\/f3YCBmJvcmRlcnYBBnJhZGl1c3cFMTAwcHgKZGltZW5zaW9uc3YBBXdpZHRodwM3NSV\/dgMQcmVzdHJpY3Rpb25fdHlwZXcHZXhjbHVkZRJzZWxlY3RlZF9sYW5ndWFnZXN1AApwYW5lbF9vcGVueH93JGUyYTQ4YmNlLWU0N2ItNDNkMi04MDhjLWUwYmQ4MDI3MzhlOXh3SzxkaXYgc3R5bGU9ImhlaWdodDoxMDBweCIgYXJpYS1oaWRkZW49InRydWUiIGNsYXNzPSJ3cC1ibG9jay1zcGFjZXIiPjwvZGl2PncLY29yZS9zcGFjZXJ3BTEwMHB4dgMQcmVzdHJpY3Rpb25fdHlwZXcHZXhjbHVkZRJzZWxlY3RlZF9sYW5ndWFnZXN1AApwYW5lbF9vcGVueHckMjJkMGMyMjYtNTVmMC00NDIxLTk0YWQtZjM2ZDVmMmE4NjE0eHcwPGRpdiBjbGFzcz0id3AtYmxvY2stY29sdW1ucyBhbGlnbndpZGUiPgoKPC9kaXY+dwxjb3JlL2NvbHVtbnN4dwR3aWRldgEHc3BhY2luZ3YBCGJsb2NrR2FwdgEEbGVmdHcVdmFyOnByZXNldHxzcGFjaW5nfDQwdgMQcmVzdHJpY3Rpb25fdHlwZXcHZXhjbHVkZRJzZWxlY3RlZF9sYW5ndWFnZXN1AApwYW5lbF9vcGVueHckNmIzM2QyMDktNDBjMy00NGExLWIxYzQtYjlhY2NiYmU5Y2IxeHcjPGRpdiBjbGFzcz0id3AtYmxvY2stY29sdW1uIj48L2Rpdj53C2NvcmUvY29sdW1udgMEdHlwZXcLY29uc3RyYWluZWQLY29udGVudFNpemV3BTM0MHB4Dmp1c3RpZnlDb250ZW50dwRsZWZ0dgMQcmVzdHJpY3Rpb25fdHlwZXcHZXhjbHVkZRJzZWxlY3RlZF9sYW5ndWFnZXN1AApwYW5lbF9vcGVueHckZTBjNjg4MTYtMGUwOC00NzYyLWJkMTMtZDYxNjNjOWUwYzUzeHeFATxkaXYgY2xhc3M9IndwLWJsb2NrLWdyb3VwIiBzdHlsZT0icGFkZGluZy10b3A6dmFyKC0td3AtLXByZXNldC0tc3BhY2luZy0tMzApO3BhZGRpbmctYm90dG9tOnZhcigtLXdwLS1wcmVzZXQtLXNwYWNpbmctLTYwKSI+Cgo8L2Rpdj53CmNvcmUvZ3JvdXB3A2RpdnYBBG5hbWV3B0NvbnRlbnR2Aghwb3NpdGlvbnYCBHR5cGV3BnN0aWNreQN0b3B3AzBweAdzcGFjaW5ndgEHcGFkZGluZ3YCA3RvcHcVdmFyOnByZXNldHxzcGFjaW5nfDMwBmJvdHRvbXcVdmFyOnByZXNldHxzcGFjaW5nfDYwdgEEdHlwZXcHZGVmYXVsdHYDEHJlc3RyaWN0aW9uX3R5cGV3B2V4Y2x1ZGUSc2VsZWN0ZWRfbGFuZ3VhZ2VzdQAKcGFuZWxfb3Blbnh3JDczMTQyYjgzLTc2OTEtNGI1Ny1hNzI3LTJjMDNjMzczYmYzZHh3QTxibG9ja3F1b3RlIGNsYXNzPSJ3cC1ibG9jay1xdW90ZSBpcy1zdHlsZS1wbGFpbiI+Cgo8L2Jsb2NrcXVvdGU+dwpjb3JlL3F1b3RldwB3DmlzLXN0eWxlLXBsYWludgMQcmVzdHJpY3Rpb25fdHlwZXcHZXhjbHVkZRJzZWxlY3RlZF9sYW5ndWFnZXN1AApwYW5lbF9vcGVueHckZjE5ZjNiZmMtODRkMi00ZDYzLTk0MjgtNDZlMWU3NTgzNWI3eHdYPGRpdiBzdHlsZT0iaGVpZ2h0OjYwcHgiIGFyaWEtaGlkZGVuPSJ0cnVlIiBpZD0iZW50cmFkYXMiIGNsYXNzPSJ3cC1ibG9jay1zcGFjZXIiPjwvZGl2PncLY29yZS9zcGFjZXJ3BDYwcHh2AxByZXN0cmljdGlvbl90eXBldwdleGNsdWRlEnNlbGVjdGVkX2xhbmd1YWdlc3UACnBhbmVsX29wZW54dwhlbnRyYWRhc3ckOTkzNTY4ZjktODJhMC00NmUxLTk5OTgtMDAyYWVjNGJhYjM4eHcwPGJsb2NrcXVvdGUgY2xhc3M9IndwLWJsb2NrLXF1b3RlIj48L2Jsb2NrcXVvdGU+dwpjb3JlL3F1b3RldwB2AxByZXN0cmljdGlvbl90eXBldwdleGNsdWRlEnNlbGVjdGVkX2xhbmd1YWdlc3UACnBhbmVsX29wZW54dyRhNTI2YTU5ZS0xZTVjLTRkODMtYTMzNi01NjEzMGYyNWI3MWZ4d1E8cD48ZW0+Tm8gaGF5IG5hZGEgZGUgZXh0cmFvcmRpbmFyaW8gZW4gbGEgaGlzdG9yaWEgZGUgbnVlc3RybyBpbnN0aXR1dG88L2VtPjwvcD53DmNvcmUvcGFyYWdyYXBoeXYDEHJlc3RyaWN0aW9uX3R5cGV3B2V4Y2x1ZGUSc2VsZWN0ZWRfbGFuZ3VhZ2VzdQAKcGFuZWxfb3Blbnh3JGE1OGYwY2RmLTRkNDYtNGQ1Zi05YzQ4LWE2OWMxNWU3MTk2MHh3jgE8cD5lc2NyaWJpw7MgVmljZW50YSBNYXLDrWEuIFF1aXNpw6lyYW1vcyByZXRvbWFybG86IGVsIHF1ZSBubyBlc3RhbW9zIGVuZnJlbnRhZG9zIGNvbiBsb3MgYWNvbnRlY2ltaWVudG9zIHNpbm8gcXVlIGNvbGFib3JhbW9zIGNvbiBlbGxvcy48L3A+dw5jb3JlL3BhcmFncmFwaHl2AxByZXN0cmljdGlvbl90eXBldwdleGNsdWRlEnNlbGVjdGVkX2xhbmd1YWdlc3UACnBhbmVsX29wZW54dyQ1NzVlZTZlNy1iM2MyLTRkYWItODY2Yy1kNTFhODliNmUzNGR4dzo8ZGl2IGNsYXNzPSJ3cC1ibG9jay1jb2x1bW4iIHN0eWxlPSJmbGV4LWJhc2lzOjY2JSI+PC9kaXY+dwtjb3JlL2NvbHVtbncDNjYldgMQcmVzdHJpY3Rpb25fdHlwZXcHZXhjbHVkZRJzZWxlY3RlZF9sYW5ndWFnZXN1AApwYW5lbF9vcGVueHckOGEwNGQ1NjktNTZiMy00NzhkLWIxOTgtNjA5ZmNjNzA4NmZieHcsPGRpdiBjbGFzcz0id3AtYmxvY2stcXVlcnkgYWxpZ253aWRlIj48L2Rpdj53CmNvcmUvcXVlcnl9CXYNB3BlclBhZ2V9CQVwYWdlc30ABm9mZnNldH0ACHBvc3RUeXBldwRwb3N0BW9yZGVydwRkZXNjB29yZGVyQnl3BGRhdGUGYXV0aG9ydwAGc2VhcmNodwAHZXhjbHVkZXUABnN0aWNreXcHZXhjbHVkZQdpbmhlcml0eQlzdGF0dXNbMF13B3B1Ymxpc2gJc3RhdHVzWzFddwdwcml2YXRldwNkaXZ4dwR3aWRldgMQcmVzdHJpY3Rpb25fdHlwZXcHZXhjbHVkZRJzZWxlY3RlZF9sYW5ndWFnZXN1AApwYW5lbF9vcGVueHckZDM3YTc3N2ItZDgwNy00OTYyLThlZTgtZmFjMmY2M2UzZTY2eHcAdxJjb3JlL3Bvc3QtdGVtcGxhdGV2AwR0eXBldwRncmlkC2NvbHVtbkNvdW50fhJtaW5pbXVtQ29sdW1uV2lkdGh3BTEycmVtdgMQcmVzdHJpY3Rpb25fdHlwZXcHZXhjbHVkZRJzZWxlY3RlZF9sYW5ndWFnZXN1AApwYW5lbF9vcGVueHckOTVjYWMyZDgtNWI0Ny00OTEwLTk4YzktYmM3NGQwMTRlOGQ3eHcoPGRpdiBjbGFzcz0id3AtYmxvY2stZ3JvdXAiPgoKCgoKCjwvZGl2PncKY29yZS9ncm91cHcDZGl2dgEHc3BhY2luZ3YBCGJsb2NrR2FwdwQyNHB4dgEHaW5oZXJpdHl2AxByZXN0cmljdGlvbl90eXBldwdleGNsdWRlEnNlbGVjdGVkX2xhbmd1YWdlc3UACnBhbmVsX29wZW54dyQ0MTQ1MzdkMi01NjdkLTRmMzctYTdhYi1kN2EzYWQ1OTVkY2V4dwB3GGNvcmUvcG9zdC1mZWF0dXJlZC1pbWFnZXh3BDE2Lzl3BWNvdmVydwB3BV9zZWxmfQB5dgMQcmVzdHJpY3Rpb25fdHlwZXcHZXhjbHVkZRJzZWxlY3RlZF9sYW5ndWFnZXN1AApwYW5lbF9vcGVueHckNGUwZmU0Y2MtODc0Yy00MDBiLTk5MWUtZmYzMzE4Mzc2NjQ4eHckPGRpdiBjbGFzcz0id3AtYmxvY2stZ3JvdXAiPgoKPC9kaXY+dwpjb3JlL2dyb3VwdwNkaXZ2AQdzcGFjaW5ndgEIYmxvY2tHYXB3AzhweHYCBHR5cGV3BGZsZXgLb3JpZW50YXRpb253CHZlcnRpY2FsdgMQcmVzdHJpY3Rpb25fdHlwZXcHZXhjbHVkZRJzZWxlY3RlZF9sYW5ndWFnZXN1AApwYW5lbF9vcGVueHckODk0OGM5MGQtMTk5MC00MTQ1LTlhYjYtOTAzMDNjYzM5M2VieHcAdw9jb3JlL3Bvc3QtdGl0bGV9A3h3AHcFX3NlbGZ3BWxhcmdldgMQcmVzdHJpY3Rpb25fdHlwZXcHZXhjbHVkZRJzZWxlY3RlZF9sYW5ndWFnZXN1AApwYW5lbF9vcGVueHckYzRhY2Q5YjUtZTljYy00ZjdhLTgyMjAtODRjMTdjZmZlYjZheHcAdw5jb3JlL3Bvc3QtZGF0ZX9\/eX9\/f39\/f39\/dgMQcmVzdHJpY3Rpb25fdHlwZXcHZXhjbHVkZRJzZWxlY3RlZF9sYW5ndWFnZXN1AApwYW5lbF9vcGVueH9\/dgEIYmluZGluZ3N2AQhkYXRldGltZXYCBnNvdXJjZXcOY29yZS9wb3N0LWRhdGEEYXJnc3YBBWZpZWxkdwRkYXRldyRmYWM1OWZiYy1kYzk3LTQyMWQtODdiZi0yMzA0M2UyZDlkNTd4dwB3EWNvcmUvcG9zdC1leGNlcnB0dwlMZWVyIG3DoXN4fTd2AxByZXN0cmljdGlvbl90eXBldwdleGNsdWRlEnNlbGVjdGVkX2xhbmd1YWdlc3UACnBhbmVsX29wZW54dyQyZmVlYzA1Ni02NTE1LTQxYzMtOTU2OS1jOWRmYmQyNDc3N2R4d2Q8ZGl2IHN0eWxlPSJoZWlnaHQ6dmFyKC0td3AtLXByZXNldC0tc3BhY2luZy0tMzApIiBhcmlhLWhpZGRlbj0idHJ1ZSIgY2xhc3M9IndwLWJsb2NrLXNwYWNlciI+PC9kaXY+dwtjb3JlL3NwYWNlcncVdmFyOnByZXNldHxzcGFjaW5nfDMwdgMQcmVzdHJpY3Rpb25fdHlwZXcHZXhjbHVkZRJzZWxlY3RlZF9sYW5ndWFnZXN1AApwYW5lbF9vcGVueHckODJkMGM5NmYtYzQ4Ni00NjNmLTg5YjItNzJiMTA0YjJiMTgxeHedATxkaXYgc3R5bGU9ImhlaWdodDpjYWxjKCAwLjI1ICogdmFyKC0td3AtLXN0eWxlLS1yb290LS1wYWRkaW5nLXJpZ2h0LCB2YXIoLS13cC0tY3VzdG9tLS1nYXAtLWhvcml6b250YWwpKSkiIGFyaWEtaGlkZGVuPSJ0cnVlIiBjbGFzcz0id3AtYmxvY2stc3BhY2VyIj48L2Rpdj53C2NvcmUvc3BhY2Vyd1djYWxjKCAwLjI1ICogdmFyKC0td3AtLXN0eWxlLS1yb290LS1wYWRkaW5nLXJpZ2h0LCB2YXIoLS13cC0tY3VzdG9tLS1nYXAtLWhvcml6b250YWwpKSl2AxByZXN0cmljdGlvbl90eXBldwdleGNsdWRlEnNlbGVjdGVkX2xhbmd1YWdlc3UACnBhbmVsX29wZW54AA==\",\"updateId\":806833745}","advanced_seo_description":"","jetpack_seo_html_title":"","jetpack_seo_noindex":false,"footnotes":""},"class_list":["post-520","page","type-page","status-publish","hentry"],"jetpack_likes_enabled":true,"jetpack_sharing_enabled":true,"jetpack_shortlink":"https:\/\/wp.me\/Pfvk8v-8o","jetpack-related-posts":[{"id":646,"url":"https:\/\/pastoralrmi.com\/pt\/fluir\/desarrollo-integral\/","url_meta":{"origin":520,"position":0},"title":"Crescimento integral","author":"Blog de pastoral Provincia Iberica","date":"3 de Junho de 2024","format":false,"excerpt":"No hay nada de extraordinario en la historia de nuestro instituto escribi\u00f3 Vicenta Mar\u00eda. Quisi\u00e9ramos retomarlo: el que no estamos enfrentados con los acontecimientos sino que colaboramos con ellos,... Esta secci\u00f3n es un aporte para que la tensi\u00f3n de nuestro hilo conduzca a un modo de vivir cada vez m\u00e1s\u2026","rel":"","context":"Similar post","block_context":{"text":"Similar post","link":""},"img":{"alt_text":"","src":"https:\/\/i0.wp.com\/pastoralrmi.com\/wp-content\/uploads\/2024\/06\/pexels-photo-6469141.jpeg?fit=800%2C1200&ssl=1&resize=350%2C200","width":350,"height":200,"srcset":"https:\/\/i0.wp.com\/pastoralrmi.com\/wp-content\/uploads\/2024\/06\/pexels-photo-6469141.jpeg?fit=800%2C1200&ssl=1&resize=350%2C200 1x, https:\/\/i0.wp.com\/pastoralrmi.com\/wp-content\/uploads\/2024\/06\/pexels-photo-6469141.jpeg?fit=800%2C1200&ssl=1&resize=525%2C300 1.5x, https:\/\/i0.wp.com\/pastoralrmi.com\/wp-content\/uploads\/2024\/06\/pexels-photo-6469141.jpeg?fit=800%2C1200&ssl=1&resize=700%2C400 2x"},"classes":[]},{"id":636,"url":"https:\/\/pastoralrmi.com\/pt\/fluir\/una-teologia-para-empezar\/","url_meta":{"origin":520,"position":1},"title":"Uma teologia para come\u00e7ar","author":"Blog de pastoral Provincia Iberica","date":"25 de Abril de 2024","format":false,"excerpt":"No hay nada de extraordinario en la historia de nuestro instituto escribi\u00f3 Vicenta Mar\u00eda. Quisi\u00e9ramos retomarlo: el que no estamos enfrentados con los acontecimientos sino que colaboramos con ellos,... Esta secci\u00f3n es un aporte para que la tensi\u00f3n de nuestro hilo conduzca a un modo de vivir cada vez m\u00e1s\u2026","rel":"","context":"Similar post","block_context":{"text":"Similar post","link":""},"img":{"alt_text":"","src":"https:\/\/i0.wp.com\/pastoralrmi.com\/wp-content\/uploads\/2024\/04\/pexels-photo-1533720.jpeg?fit=1200%2C800&ssl=1&resize=350%2C200","width":350,"height":200,"srcset":"https:\/\/i0.wp.com\/pastoralrmi.com\/wp-content\/uploads\/2024\/04\/pexels-photo-1533720.jpeg?fit=1200%2C800&ssl=1&resize=350%2C200 1x, https:\/\/i0.wp.com\/pastoralrmi.com\/wp-content\/uploads\/2024\/04\/pexels-photo-1533720.jpeg?fit=1200%2C800&ssl=1&resize=525%2C300 1.5x, https:\/\/i0.wp.com\/pastoralrmi.com\/wp-content\/uploads\/2024\/04\/pexels-photo-1533720.jpeg?fit=1200%2C800&ssl=1&resize=700%2C400 2x, https:\/\/i0.wp.com\/pastoralrmi.com\/wp-content\/uploads\/2024\/04\/pexels-photo-1533720.jpeg?fit=1200%2C800&ssl=1&resize=1050%2C600 3x"},"classes":[]},{"id":640,"url":"https:\/\/pastoralrmi.com\/pt\/fluir\/destellos-de-vida-cotidiana\/","url_meta":{"origin":520,"position":2},"title":"Centelhas de vida quotidiana","author":"Blog de pastoral Provincia Iberica","date":"25 de Abril de 2024","format":false,"excerpt":"No hay nada de extraordinario en la historia de nuestro instituto escribi\u00f3 Vicenta Mar\u00eda. Quisi\u00e9ramos retomarlo: el que no estamos enfrentados con los acontecimientos sino que colaboramos con ellos,... Esta secci\u00f3n es un aporte para que la tensi\u00f3n de nuestro hilo conduzca a un modo de vivir cada vez m\u00e1s\u2026","rel":"","context":"Similar post","block_context":{"text":"Similar post","link":""},"img":{"alt_text":"","src":"https:\/\/i0.wp.com\/pastoralrmi.com\/wp-content\/uploads\/2024\/04\/pexels-photo-1925536.jpeg?fit=1200%2C800&ssl=1&resize=350%2C200","width":350,"height":200,"srcset":"https:\/\/i0.wp.com\/pastoralrmi.com\/wp-content\/uploads\/2024\/04\/pexels-photo-1925536.jpeg?fit=1200%2C800&ssl=1&resize=350%2C200 1x, https:\/\/i0.wp.com\/pastoralrmi.com\/wp-content\/uploads\/2024\/04\/pexels-photo-1925536.jpeg?fit=1200%2C800&ssl=1&resize=525%2C300 1.5x, https:\/\/i0.wp.com\/pastoralrmi.com\/wp-content\/uploads\/2024\/04\/pexels-photo-1925536.jpeg?fit=1200%2C800&ssl=1&resize=700%2C400 2x, https:\/\/i0.wp.com\/pastoralrmi.com\/wp-content\/uploads\/2024\/04\/pexels-photo-1925536.jpeg?fit=1200%2C800&ssl=1&resize=1050%2C600 3x"},"classes":[]},{"id":654,"url":"https:\/\/pastoralrmi.com\/pt\/3o-trimestre\/","url_meta":{"origin":520,"position":3},"title":"Ora\u00e7\u00f5es | Retiros","author":"Blog de pastoral Provincia Iberica","date":"3 de Junho de 2024","format":false,"excerpt":"Lo Que Nos Sostiene, desde nuestro punto de vista, puede oscurecerse o aclararse. Por eso, en esta secci\u00f3n ofreceremos recursos que nos posibiliten, a nosotros y a nuestros j\u00f3venes, mantener la l\u00e1mpara m\u00e1s brillante y encendida durante m\u00e1s tiempo. \u00abMe preguntas si tienes que marcar t\u00fa el camino; no, lo\u2026","rel":"","context":"Similar post","block_context":{"text":"Similar post","link":""},"img":{"alt_text":"","src":"https:\/\/i0.wp.com\/pastoralrmi.com\/wp-content\/uploads\/2024\/06\/pexels-photo-302743.jpeg?fit=1200%2C800&ssl=1&resize=350%2C200","width":350,"height":200,"srcset":"https:\/\/i0.wp.com\/pastoralrmi.com\/wp-content\/uploads\/2024\/06\/pexels-photo-302743.jpeg?fit=1200%2C800&ssl=1&resize=350%2C200 1x, https:\/\/i0.wp.com\/pastoralrmi.com\/wp-content\/uploads\/2024\/06\/pexels-photo-302743.jpeg?fit=1200%2C800&ssl=1&resize=525%2C300 1.5x, https:\/\/i0.wp.com\/pastoralrmi.com\/wp-content\/uploads\/2024\/06\/pexels-photo-302743.jpeg?fit=1200%2C800&ssl=1&resize=700%2C400 2x, https:\/\/i0.wp.com\/pastoralrmi.com\/wp-content\/uploads\/2024\/06\/pexels-photo-302743.jpeg?fit=1200%2C800&ssl=1&resize=1050%2C600 3x"},"classes":[]},{"id":649,"url":"https:\/\/pastoralrmi.com\/pt\/1o-trimestre\/","url_meta":{"origin":520,"position":4},"title":"Tempos lit\u00fargicos","author":"Blog de pastoral Provincia Iberica","date":"3 de Junho de 2024","format":false,"excerpt":"Lo Que Nos Sostiene, desde nuestro punto de vista, puede oscurecerse o aclararse. Por eso, en esta secci\u00f3n ofreceremos recursos que nos posibiliten, a nosotros y a nuestros j\u00f3venes, mantener la l\u00e1mpara m\u00e1s brillante y encendida durante m\u00e1s tiempo. \u00abMe preguntas si tienes que marcar t\u00fa el camino; no, lo\u2026","rel":"","context":"Similar post","block_context":{"text":"Similar post","link":""},"img":{"alt_text":"a green plant on a brown soil","src":"https:\/\/i0.wp.com\/pastoralrmi.com\/wp-content\/uploads\/2024\/06\/pexels-photo-7944411.jpeg?fit=1200%2C800&ssl=1&resize=350%2C200","width":350,"height":200,"srcset":"https:\/\/i0.wp.com\/pastoralrmi.com\/wp-content\/uploads\/2024\/06\/pexels-photo-7944411.jpeg?fit=1200%2C800&ssl=1&resize=350%2C200 1x, https:\/\/i0.wp.com\/pastoralrmi.com\/wp-content\/uploads\/2024\/06\/pexels-photo-7944411.jpeg?fit=1200%2C800&ssl=1&resize=525%2C300 1.5x, https:\/\/i0.wp.com\/pastoralrmi.com\/wp-content\/uploads\/2024\/06\/pexels-photo-7944411.jpeg?fit=1200%2C800&ssl=1&resize=700%2C400 2x, https:\/\/i0.wp.com\/pastoralrmi.com\/wp-content\/uploads\/2024\/06\/pexels-photo-7944411.jpeg?fit=1200%2C800&ssl=1&resize=1050%2C600 3x"},"classes":[]},{"id":402,"url":"https:\/\/pastoralrmi.com\/pt\/vicenta-maria-lopez-y-vicuna\/","url_meta":{"origin":520,"position":5},"title":"Vicenta Maria","author":"Blog de pastoral Provincia Iberica","date":"13 de Mar\u00e7o de 2024","format":false,"excerpt":"El 11 de junio de 1876 se da el primer reconocimiento oficial por parte de la Iglesia de la obra que Vicenta Mar\u00eda ven\u00eda gestando por dentro. Desde el 71 observaban \u00abun orden de vida uniforme\u00bb y para ello hab\u00edan dispuesto \u00abunas reglitas provisionales\u00bb. Ser\u00e1n lo que conocemos hoy por\u2026","rel":"","context":"Similar post","block_context":{"text":"Similar post","link":""},"img":{"alt_text":"","src":"https:\/\/i0.wp.com\/pastoralrmi.com\/wp-content\/uploads\/2024\/03\/pexels-photo-8747820.jpeg?fit=1200%2C800&ssl=1&resize=350%2C200","width":350,"height":200,"srcset":"https:\/\/i0.wp.com\/pastoralrmi.com\/wp-content\/uploads\/2024\/03\/pexels-photo-8747820.jpeg?fit=1200%2C800&ssl=1&resize=350%2C200 1x, https:\/\/i0.wp.com\/pastoralrmi.com\/wp-content\/uploads\/2024\/03\/pexels-photo-8747820.jpeg?fit=1200%2C800&ssl=1&resize=525%2C300 1.5x, https:\/\/i0.wp.com\/pastoralrmi.com\/wp-content\/uploads\/2024\/03\/pexels-photo-8747820.jpeg?fit=1200%2C800&ssl=1&resize=700%2C400 2x, https:\/\/i0.wp.com\/pastoralrmi.com\/wp-content\/uploads\/2024\/03\/pexels-photo-8747820.jpeg?fit=1200%2C800&ssl=1&resize=1050%2C600 3x"},"classes":[]}],"_links":{"self":[{"href":"https:\/\/pastoralrmi.com\/pt\/wp-json\/wp\/v2\/pages\/520","targetHints":{"allow":["GET"]}}],"collection":[{"href":"https:\/\/pastoralrmi.com\/pt\/wp-json\/wp\/v2\/pages"}],"about":[{"href":"https:\/\/pastoralrmi.com\/pt\/wp-json\/wp\/v2\/types\/page"}],"author":[{"embeddable":true,"href":"https:\/\/pastoralrmi.com\/pt\/wp-json\/wp\/v2\/users\/246329482"}],"replies":[{"embeddable":true,"href":"https:\/\/pastoralrmi.com\/pt\/wp-json\/wp\/v2\/comments?post=520"}],"version-history":[{"count":44,"href":"https:\/\/pastoralrmi.com\/pt\/wp-json\/wp\/v2\/pages\/520\/revisions"}],"predecessor-version":[{"id":5697,"href":"https:\/\/pastoralrmi.com\/pt\/wp-json\/wp\/v2\/pages\/520\/revisions\/5697"}],"wp:attachment":[{"href":"https:\/\/pastoralrmi.com\/pt\/wp-json\/wp\/v2\/media?parent=520"}],"curies":[{"name":"wp","href":"https:\/\/api.w.org\/{rel}","templated":true}]}}